{"id":9796,"date":"2022-07-19T13:34:00","date_gmt":"2022-07-19T12:34:00","guid":{"rendered":"https:\/\/www.vacationsinmorocco.com\/pacchetti-vacanze-a-fes-al-meglio\/"},"modified":"2024-07-25T11:33:33","modified_gmt":"2024-07-25T10:33:33","slug":"pacchetti-vacanze-a-fes-al-meglio","status":"publish","type":"page","link":"https:\/\/www.vacationsinmorocco.com\/it\/pacchetti-vacanze-a-fes-al-meglio\/","title":{"rendered":"Viaggi Da Fes | Tour Al Deserto Del Marocco Da Fes"},"content":{"rendered":"\t\t<div data-elementor-type=\"wp-page\" data-elementor-id=\"9796\" class=\"elementor elementor-9796 elementor-2211\" data-elementor-post-type=\"page\">\n\t\t\t\t\t\t<section class=\"elementor-section elementor-top-section elementor-element elementor-element-817593a elementor-section-full_width elementor-section-height-min-height elementor-section-height-default elementor-section-items-middle\" data-id=\"817593a\" data-element_type=\"section\" data-e-type=\"section\" data-settings=\"{&quot;background_background&quot;:&quot;classic&quot;,&quot;background_motion_fx_opacity_effect&quot;:&quot;yes&quot;,&quot;background_motion_fx_opacity_range&quot;:{&quot;unit&quot;:&quot;%&quot;,&quot;size&quot;:&quot;&quot;,&quot;sizes&quot;:{&quot;start&quot;:&quot;51&quot;,&quot;end&quot;:&quot;76&quot;}},&quot;background_motion_fx_motion_fx_scrolling&quot;:&quot;yes&quot;,&quot;background_motion_fx_opacity_direction&quot;:&quot;in-out&quot;,&quot;background_motion_fx_opacity_level&quot;:{&quot;unit&quot;:&quot;px&quot;,&quot;size&quot;:10,&quot;sizes&quot;:[]},&quot;background_motion_fx_devices&quot;:[&quot;desktop&quot;,&quot;tablet&quot;,&quot;mobile&quot;]}\">\n\t\t\t\t\t\t\t<div class=\"elementor-background-overlay\"><\/div>\n\t\t\t\t\t\t\t<div class=\"elementor-container elementor-column-gap-default\">\n\t\t\t\t\t<div class=\"elementor-column elementor-col-100 elementor-top-column elementor-element elementor-element-91fcc2f\" data-id=\"91fcc2f\" data-element_type=\"column\" data-e-type=\"column\">\n\t\t\t<div class=\"elementor-widget-wrap elementor-element-populated\">\n\t\t\t\t\t\t<div class=\"elementor-element elementor-element-0333fa2 elementor-widget elementor-widget-heading\" data-id=\"0333fa2\" data-element_type=\"widget\" data-e-type=\"widget\" data-widget_type=\"heading.default\">\n\t\t\t\t<div class=\"elementor-widget-container\">\n\t\t\t\t\t<h1 class=\"elementor-heading-title elementor-size-default\"><a href=\"https:\/\/www.vacationsinmorocco.com\/it\/pacchetti-vacanze-a-fes-al-meglio\/\">Tour e viaggi Da Fes<\/a><\/h1>\t\t\t\t<\/div>\n\t\t\t\t<\/div>\n\t\t\t\t<section class=\"elementor-section elementor-inner-section elementor-element elementor-element-367f4ca elementor-section-boxed elementor-section-height-default elementor-section-height-default\" data-id=\"367f4ca\" data-element_type=\"section\" data-e-type=\"section\">\n\t\t\t\t\t\t<div class=\"elementor-container elementor-column-gap-default\">\n\t\t\t\t\t<div class=\"elementor-column elementor-col-100 elementor-inner-column elementor-element elementor-element-ab78e1f\" data-id=\"ab78e1f\" data-element_type=\"column\" data-e-type=\"column\">\n\t\t\t<div class=\"elementor-widget-wrap elementor-element-populated\">\n\t\t\t\t\t\t<div class=\"elementor-element elementor-element-f915c0c elementor-widget elementor-widget-text-editor\" data-id=\"f915c0c\" data-element_type=\"widget\" data-e-type=\"widget\" data-widget_type=\"text-editor.default\">\n\t\t\t\t<div class=\"elementor-widget-container\">\n\t\t\t\t\t\t\t\t\t<p><strong>Pacchetti di viaggi da Fes<\/strong> su misura con tour privati e itinerari personalizzabili<\/p>\t\t\t\t\t\t\t\t<\/div>\n\t\t\t\t<\/div>\n\t\t\t\t\t<\/div>\n\t\t<\/div>\n\t\t\t\t\t<\/div>\n\t\t<\/section>\n\t\t\t\t\t<\/div>\n\t\t<\/div>\n\t\t\t\t\t<\/div>\n\t\t<\/section>\n\t\t\t\t<section class=\"elementor-section elementor-top-section elementor-element elementor-element-cf96309 elementor-section-boxed elementor-section-height-default elementor-section-height-default\" data-id=\"cf96309\" data-element_type=\"section\" data-e-type=\"section\">\n\t\t\t\t\t\t<div class=\"elementor-container elementor-column-gap-default\">\n\t\t\t\t\t<div class=\"elementor-column elementor-col-100 elementor-top-column elementor-element elementor-element-d1115b4\" data-id=\"d1115b4\" data-element_type=\"column\" data-e-type=\"column\">\n\t\t\t<div class=\"elementor-widget-wrap elementor-element-populated\">\n\t\t\t\t\t\t<div class=\"elementor-element elementor-element-790c88c details elementor-widget elementor-widget-heading\" data-id=\"790c88c\" data-element_type=\"widget\" data-e-type=\"widget\" id=\"details\" data-widget_type=\"heading.default\">\n\t\t\t\t<div class=\"elementor-widget-container\">\n\t\t\t\t\t<h2 class=\"elementor-heading-title elementor-size-default\">Possiamo provvedere a tutte le vostre esigenze di vacanza a Fes.<\/h2>\t\t\t\t<\/div>\n\t\t\t\t<\/div>\n\t\t\t\t<div class=\"elementor-element elementor-element-c4a387d elementor-widget elementor-widget-text-editor\" data-id=\"c4a387d\" data-element_type=\"widget\" data-e-type=\"widget\" id=\"content\" data-widget_type=\"text-editor.default\">\n\t\t\t\t<div class=\"elementor-widget-container\">\n\t\t\t\t\t\t\t\t\t<p>Esplora <span style=\"color: #000000;\"><strong><a style=\"color: #000000;\" href=\"https:\/\/www.vacationsinmorocco.com\/it\/fes-marocco-posti-dove-mangiare-cosa-vedere-e-come-arrivarci\/\">Fes<\/a>\u00a0u<\/strong><\/span>na citt\u00e0 con una ricca storia e strade vivaci. Fondata nel IX secolo, Fes \u00e8 nota per la sua antica medina, una delle pi\u00f9 belle citt\u00e0 del mondo. <span style=\"color: #000000;\"><strong><a style=\"color: #000000;\" href=\"https:\/\/whc.unesco.org\/en\/list\/170\/\">Patrimonio dell&#8217;Umanit\u00e0<\/a><\/strong><\/span>. Che tu stia passeggiando nel quartiere di Fez-El-Bali o attraversando l&#8217;iconica porta Bab Boujloud, Fes promette un viaggio nel tempo. I nostri pacchetti vacanza a Fes sono l&#8217;occasione perfetta per scoprire tutto ci\u00f2 che la citt\u00e0 ha da offrire.<\/p>\t\t\t\t\t\t\t\t<\/div>\n\t\t\t\t<\/div>\n\t\t\t\t<div class=\"elementor-element elementor-element-3eb05d0 details elementor-widget elementor-widget-heading\" data-id=\"3eb05d0\" data-element_type=\"widget\" data-e-type=\"widget\" data-widget_type=\"heading.default\">\n\t\t\t\t<div class=\"elementor-widget-container\">\n\t\t\t\t\t<h2 class=\"elementor-heading-title elementor-size-default\">Perch\u00e9 scegliere i nostri viaggi da Fez?<\/h2>\t\t\t\t<\/div>\n\t\t\t\t<\/div>\n\t\t\t\t<div class=\"elementor-element elementor-element-d4faf65 elementor-widget elementor-widget-text-editor\" data-id=\"d4faf65\" data-element_type=\"widget\" data-e-type=\"widget\" data-widget_type=\"text-editor.default\">\n\t\t\t\t<div class=\"elementor-widget-container\">\n\t\t\t\t\t\t\t\t\t<p>Noi di Vacations in Morocco (VIM) soddisfiamo tutte le tue esigenze di viaggio con i nostri pacchetti vacanza meticolosamente realizzati. I nostri tour mirano a farti vivere un&#8217;esperienza indimenticabile, sia che tu viaggi da solo, in coppia, in famiglia o in gruppo. Offriamo una variet\u00e0 di itinerari che possono essere personalizzati in base alle tue preferenze, assicurandoti un&#8217;esperienza di viaggio fluida e su misura.<\/p>\t\t\t\t\t\t\t\t<\/div>\n\t\t\t\t<\/div>\n\t\t\t\t<div class=\"elementor-element elementor-element-2c44193 itineraries elementor-widget elementor-widget-heading\" data-id=\"2c44193\" data-element_type=\"widget\" data-e-type=\"widget\" data-widget_type=\"heading.default\">\n\t\t\t\t<div class=\"elementor-widget-container\">\n\t\t\t\t\t<h3 class=\"elementor-heading-title elementor-size-default\">Viaggi privati e personalizzati<\/h3>\t\t\t\t<\/div>\n\t\t\t\t<\/div>\n\t\t\t\t<div class=\"elementor-element elementor-element-e822334 elementor-widget elementor-widget-text-editor\" data-id=\"e822334\" data-element_type=\"widget\" data-e-type=\"widget\" data-widget_type=\"text-editor.default\">\n\t\t\t\t<div class=\"elementor-widget-container\">\n\t\t\t\t\t\t\t\t\t<p>Esplora Fes al tuo ritmo con i nostri tour personalizzati. Forniamo trasporto privato e itinerari personalizzati per un viaggio unico e senza stress.<\/p>\t\t\t\t\t\t\t\t<\/div>\n\t\t\t\t<\/div>\n\t\t\t\t<div class=\"elementor-element elementor-element-74ff6b6 itineraries elementor-widget elementor-widget-heading\" data-id=\"74ff6b6\" data-element_type=\"widget\" data-e-type=\"widget\" id=\"itineraries\" data-widget_type=\"heading.default\">\n\t\t\t\t<div class=\"elementor-widget-container\">\n\t\t\t\t\t<h3 class=\"elementor-heading-title elementor-size-default\">Sfuggire alla folla<\/h3>\t\t\t\t<\/div>\n\t\t\t\t<\/div>\n\t\t\t\t<div class=\"elementor-element elementor-element-647ccdf elementor-widget elementor-widget-text-editor\" data-id=\"647ccdf\" data-element_type=\"widget\" data-e-type=\"widget\" data-widget_type=\"text-editor.default\">\n\t\t\t\t<div class=\"elementor-widget-container\">\n\t\t\t\t\t\t\t\t\t<p>Scopri il lato autentico di Fes con i nostri tour accuratamente selezionati che ti portano lontano dai soliti luoghi turistici e nel cuore della cultura locale.<\/p>\n\t\t\t\t\t\t\t\t<\/div>\n\t\t\t\t<\/div>\n\t\t\t\t<div class=\"elementor-element elementor-element-5f644d1 itineraries elementor-widget elementor-widget-heading\" data-id=\"5f644d1\" data-element_type=\"widget\" data-e-type=\"widget\" data-widget_type=\"heading.default\">\n\t\t\t\t<div class=\"elementor-widget-container\">\n\t\t\t\t\t<h3 class=\"elementor-heading-title elementor-size-default\">Guide esperte<\/h3>\t\t\t\t<\/div>\n\t\t\t\t<\/div>\n\t\t\t\t<div class=\"elementor-element elementor-element-07eb465 elementor-widget elementor-widget-text-editor\" data-id=\"07eb465\" data-element_type=\"widget\" data-e-type=\"widget\" data-widget_type=\"text-editor.default\">\n\t\t\t\t<div class=\"elementor-widget-container\">\n\t\t\t\t\t\t\t\t\t<p>Le nostre guide esperte ti forniranno preziose informazioni su Fes, dai fatti storici agli ultimi consigli di viaggio, assicurandoti di trarre il massimo dalla tua visita.<\/p>\n\t\t\t\t\t\t\t\t<\/div>\n\t\t\t\t<\/div>\n\t\t\t\t<div class=\"elementor-element elementor-element-b38ed9a details elementor-widget elementor-widget-heading\" data-id=\"b38ed9a\" data-element_type=\"widget\" data-e-type=\"widget\" data-widget_type=\"heading.default\">\n\t\t\t\t<div class=\"elementor-widget-container\">\n\t\t\t\t\t<h2 class=\"elementor-heading-title elementor-size-default\">Viaggi pi\u00f9 popolari da Fes<\/h2>\t\t\t\t<\/div>\n\t\t\t\t<\/div>\n\t\t\t\t<div class=\"elementor-element elementor-element-4dc0cf1 elementor-widget elementor-widget-text-editor\" data-id=\"4dc0cf1\" data-element_type=\"widget\" data-e-type=\"widget\" data-widget_type=\"text-editor.default\">\n\t\t\t\t<div class=\"elementor-widget-container\">\n\t\t\t\t\t\t\t\t\t<p>Scopri il meglio di Fes con i nostri pacchetti vacanze curati. Goditi le visite guidate, le esperienze culturali e la ricca storia di questa affascinante citt\u00e0.<\/p>\t\t\t\t\t\t\t\t<\/div>\n\t\t\t\t<\/div>\n\t\t\t\t\t<\/div>\n\t\t<\/div>\n\t\t\t\t\t<\/div>\n\t\t<\/section>\n\t\t\t\t<section class=\"elementor-section elementor-top-section elementor-element elementor-element-ca2920d elementor-section-boxed elementor-section-height-default elementor-section-height-default\" data-id=\"ca2920d\" data-element_type=\"section\" data-e-type=\"section\">\n\t\t\t\t\t\t<div class=\"elementor-container elementor-column-gap-default\">\n\t\t\t\t\t<div class=\"elementor-column elementor-col-100 elementor-top-column elementor-element elementor-element-004eb79\" data-id=\"004eb79\" data-element_type=\"column\" data-e-type=\"column\">\n\t\t\t<div class=\"elementor-widget-wrap elementor-element-populated\">\n\t\t\t\t\t\t<div class=\"elementor-element elementor-element-b51f198 eael-fg-card-content-align-left elementor-widget elementor-widget-eael-filterable-gallery\" data-id=\"b51f198\" data-element_type=\"widget\" data-e-type=\"widget\" data-settings=\"{&quot;photo_gallery&quot;:&quot;yes&quot;}\" data-widget_type=\"eael-filterable-gallery.default\">\n\t\t\t\t<div class=\"elementor-widget-container\">\n\t\t\t\t\t<style id=\"eael-fg-inline-css-b51f198\">@media only screen and (max-width: 2399px) {\n\t\t\t\t\t.elementor-element.elementor-element-b51f198 .eael-filterable-gallery-item-wrap {\n\t\t\t\t\t        width: 33.333333333333%;\n\t\t\t\t\t    }\n\t\t\t\t\t}@media only screen and (max-width: 1024px) {\n\t\t\t\t\t.elementor-element.elementor-element-b51f198  .eael-filterable-gallery-item-wrap {\n\t\t\t\t\t        width: 50%;\n\t\t\t\t\t    }\n\t\t\t\t\t}@media only screen and (max-width: 767px) {\n\t\t\t\t\t.elementor-element.elementor-element-b51f198  .eael-filterable-gallery-item-wrap {\n\t\t\t\t\t        width: 100%;\n\t\t\t\t\t    }\n\t\t\t\t\t}<\/style>        <div id=\"eael-filter-gallery-wrapper-b51f198\" class=\"eael-filter-gallery-wrapper\" data-layout-mode=\"layout_3\" data-breakpoints=\"{&quot;mobile&quot;:{&quot;label&quot;:&quot;Mobile Portrait&quot;,&quot;value&quot;:767,&quot;default_value&quot;:767,&quot;direction&quot;:&quot;max&quot;,&quot;is_enabled&quot;:true},&quot;mobile_extra&quot;:{&quot;label&quot;:&quot;Mobile Landscape&quot;,&quot;value&quot;:880,&quot;default_value&quot;:880,&quot;direction&quot;:&quot;max&quot;,&quot;is_enabled&quot;:false},&quot;tablet&quot;:{&quot;label&quot;:&quot;Tablet verticale&quot;,&quot;value&quot;:1024,&quot;default_value&quot;:1024,&quot;direction&quot;:&quot;max&quot;,&quot;is_enabled&quot;:true},&quot;tablet_extra&quot;:{&quot;label&quot;:&quot;Tablet orizzontale&quot;,&quot;value&quot;:1200,&quot;default_value&quot;:1200,&quot;direction&quot;:&quot;max&quot;,&quot;is_enabled&quot;:false},&quot;laptop&quot;:{&quot;label&quot;:&quot;Laptop&quot;,&quot;value&quot;:1366,&quot;default_value&quot;:1366,&quot;direction&quot;:&quot;max&quot;,&quot;is_enabled&quot;:false},&quot;widescreen&quot;:{&quot;label&quot;:&quot;Widescreen&quot;,&quot;value&quot;:2400,&quot;default_value&quot;:2400,&quot;direction&quot;:&quot;min&quot;,&quot;is_enabled&quot;:false}}\" data-default_control_key=\"0\" data-custom_default_control=\"1\">\n                    <div class=\"eael-filter-gallery-container eael-filter-gallery-grid\" data-images-per-page=\"\" data-total-gallery-items=\"6\" data-nomore-item-text=\"\" data-is-randomize=\"no\" data-settings=\"{&quot;grid_style&quot;:&quot;grid&quot;,&quot;popup&quot;:&quot;buttons&quot;,&quot;duration&quot;:500,&quot;gallery_enabled&quot;:&quot;yes&quot;,&quot;video_gallery_yt_privacy&quot;:&quot;&quot;,&quot;control_all_text&quot;:null,&quot;mobile_scroll_to_top&quot;:&quot;&quot;,&quot;mobile_scroll_offset&quot;:0,&quot;post_id&quot;:9796,&quot;widget_id&quot;:&quot;b51f198&quot;}\" data-search-all=\"yes\" data-gallery-items=\"WyI8ZGl2IGNsYXNzPVwiZWFlbC1maWx0ZXJhYmxlLWdhbGxlcnktaXRlbS13cmFwIGVhZWwtY2YtZmVzXCIgZGF0YS1zZWFyY2gta2V5PVwiMi1naW9ybmk6LWRhLWZlcy1hbC1kZXNlcnRvLWRpLW1lcnpvdWdhXCI+PGRpdiBjbGFzcz1cImZnLWxheW91dC0zLWl0ZW0gZWFlbC1nYWxsZXJ5LWdyaWQtaXRlbVwiPjxhIGhyZWY9XCJodHRwczpcL1wvd3d3LnZhY2F0aW9uc2lubW9yb2Njby5jb21cL2l0XC90b3VyLWRpLTItZ2lvcm5pLW5lbC1kZXNlcnRvLWRhLWZlcy1hLW1lcnpvdWdhXC9cIj48ZGl2IGNsYXNzPVwiZ2FsbGVyeS1pdGVtLXRodW1ibmFpbC13cmFwIGZnLWxheW91dC0zLWl0ZW0tdGh1bWJcIj48aW1nIHdpZHRoPVwiMjY4XCIgaGVpZ2h0PVwiMzAwXCIgc3JjPVwiaHR0cHM6XC9cL3d3dy52YWNhdGlvbnNpbm1vcm9jY28uY29tXC93cC1jb250ZW50XC91cGxvYWRzXC8yMDIyXC8wN1wvMi1EYXlzLUZyb20tRmVzLXRvLU1lcnpvdWdhLTI2OHgzMDAuanBnXCIgY2xhc3M9XCJhdHRhY2htZW50LW1lZGl1bSBzaXplLW1lZGl1bSB3cC1pbWFnZS0xNzQ2XCIgYWx0PVwiMiBEYXlzIEZyb20gRmVzXCIgc3Jjc2V0PVwiaHR0cHM6XC9cL3d3dy52YWNhdGlvbnNpbm1vcm9jY28uY29tXC93cC1jb250ZW50XC91cGxvYWRzXC8yMDIyXC8wN1wvMi1EYXlzLUZyb20tRmVzLXRvLU1lcnpvdWdhLTI2OHgzMDAuanBnIDI2OHcsIGh0dHBzOlwvXC93d3cudmFjYXRpb25zaW5tb3JvY2NvLmNvbVwvd3AtY29udGVudFwvdXBsb2Fkc1wvMjAyMlwvMDdcLzItRGF5cy1Gcm9tLUZlcy10by1NZXJ6b3VnYS5qcGcgNDgwd1wiIHNpemVzPVwiKG1heC13aWR0aDogMjY4cHgpIDEwMHZ3LCAyNjhweFwiIFwvPjxkaXYgY2xhc3M9XCJnYWxsZXJ5LWl0ZW0tY2FwdGlvbi13cmFwIGNhcmQtaG92ZXItYmcgY2FwdGlvbi1zdHlsZS1ob3ZlcmVyXCI+PGRpdiBjbGFzcz1cImZnLWNhcHRpb24taGVhZFwiPjxcL2Rpdj48XC9kaXY+PFwvZGl2PjxcL2E+PGRpdiBjbGFzcz1cImZnLWxheW91dC0zLWl0ZW0tY29udGVudFwiPjxkaXYgY2xhc3M9XCJmZy1pdGVtLWNhdGVnb3J5XCI+PHNwYW4+RmVzPFwvc3Bhbj48XC9kaXY+PGEgaHJlZj1cImh0dHBzOlwvXC93d3cudmFjYXRpb25zaW5tb3JvY2NvLmNvbVwvaXRcL3RvdXItZGktMi1naW9ybmktbmVsLWRlc2VydG8tZGEtZmVzLWEtbWVyem91Z2FcL1wiPjxoMyBjbGFzcz1cImZnLWl0ZW0tdGl0bGVcIj4yIGdpb3JuaTogRGEgRmVzIGFsIGRlc2VydG8gZGkgTWVyem91Z2E8XC9oMz48XC9hPjxkaXYgY2xhc3M9XCJmZy1pdGVtLWNvbnRlbnRcIj48cD5WaXZpIGxhIG1hZ2lhIGRlbCBTYWhhcmEgY29uIHVuIGJyZXZlIG1hIGluZGltZW50aWNhYmlsZSB2aWFnZ2lvIGRhIEZlcyBhIE1lcnpvdWdhLiBQZXJmZXR0byBwZXIgY2hpIGhhIHBvY28gdGVtcG8gYSBkaXNwb3NpemlvbmUgbWEgXHUwMGU4IGRlc2lkZXJvc28gZGkgYW1taXJhcmUgbGUgZHVuZS48XC9wPlxuPFwvZGl2PjxcL2Rpdj48XC9kaXY+PFwvZGl2PiIsIjxkaXYgY2xhc3M9XCJlYWVsLWZpbHRlcmFibGUtZ2FsbGVyeS1pdGVtLXdyYXAgZWFlbC1jZi1mZXNcIiBkYXRhLXNlYXJjaC1rZXk9XCJ0b3VyLWRpLTMtZ2lvcm5pOi1kYS1mZXMtYS1tYXJyYWtlY2hcIj48ZGl2IGNsYXNzPVwiZmctbGF5b3V0LTMtaXRlbSBlYWVsLWdhbGxlcnktZ3JpZC1pdGVtXCI+PGEgaHJlZj1cImh0dHBzOlwvXC93d3cudmFjYXRpb25zaW5tb3JvY2NvLmNvbVwvaXRcL3ZhY2FuemEtbmVsLWRlc2VydG8tZGktZmVzLXBlci1sYS1waXUtZ3JhbmRlLW1hcnJha2VjaC1pbi0zLWdpb3JuaVwvXCI+PGRpdiBjbGFzcz1cImdhbGxlcnktaXRlbS10aHVtYm5haWwtd3JhcCBmZy1sYXlvdXQtMy1pdGVtLXRodW1iXCI+PGltZyB3aWR0aD1cIjI0MFwiIGhlaWdodD1cIjMwMFwiIHNyYz1cImh0dHBzOlwvXC93d3cudmFjYXRpb25zaW5tb3JvY2NvLmNvbVwvd3AtY29udGVudFwvdXBsb2Fkc1wvMjAyMlwvMDdcL0Zlcy1EZXNlcnQtVmFjYXRpb24tMjQweDMwMC5qcGdcIiBjbGFzcz1cImF0dGFjaG1lbnQtbWVkaXVtIHNpemUtbWVkaXVtIHdwLWltYWdlLTE3OThcIiBhbHQ9XCIzIERheXMgRnJvbSBGZXNcIiBzcmNzZXQ9XCJodHRwczpcL1wvd3d3LnZhY2F0aW9uc2lubW9yb2Njby5jb21cL3dwLWNvbnRlbnRcL3VwbG9hZHNcLzIwMjJcLzA3XC9GZXMtRGVzZXJ0LVZhY2F0aW9uLTI0MHgzMDAuanBnIDI0MHcsIGh0dHBzOlwvXC93d3cudmFjYXRpb25zaW5tb3JvY2NvLmNvbVwvd3AtY29udGVudFwvdXBsb2Fkc1wvMjAyMlwvMDdcL0Zlcy1EZXNlcnQtVmFjYXRpb24uanBnIDQ4MHdcIiBzaXplcz1cIihtYXgtd2lkdGg6IDI0MHB4KSAxMDB2dywgMjQwcHhcIiBcLz48ZGl2IGNsYXNzPVwiZ2FsbGVyeS1pdGVtLWNhcHRpb24td3JhcCBjYXJkLWhvdmVyLWJnIGNhcHRpb24tc3R5bGUtaG92ZXJlclwiPjxkaXYgY2xhc3M9XCJmZy1jYXB0aW9uLWhlYWRcIj48XC9kaXY+PFwvZGl2PjxcL2Rpdj48XC9hPjxkaXYgY2xhc3M9XCJmZy1sYXlvdXQtMy1pdGVtLWNvbnRlbnRcIj48ZGl2IGNsYXNzPVwiZmctaXRlbS1jYXRlZ29yeVwiPjxzcGFuPkZlczxcL3NwYW4+PFwvZGl2PjxhIGhyZWY9XCJodHRwczpcL1wvd3d3LnZhY2F0aW9uc2lubW9yb2Njby5jb21cL2l0XC92YWNhbnphLW5lbC1kZXNlcnRvLWRpLWZlcy1wZXItbGEtcGl1LWdyYW5kZS1tYXJyYWtlY2gtaW4tMy1naW9ybmlcL1wiPjxoMyBjbGFzcz1cImZnLWl0ZW0tdGl0bGVcIj5Ub3VyIGRpIDMgZ2lvcm5pOiBEYSBGZXMgYSBNYXJyYWtlY2g8XC9oMz48XC9hPjxkaXYgY2xhc3M9XCJmZy1pdGVtLWNvbnRlbnRcIj48cD5Hb2RpdGkgdW4gdG91ciBkaSAzIGdpb3JuaSBkYSB1bmEgY2l0dFx1MDBlMCBpbXBlcmlhbGUgYWxsJiM4MjE3O2FsdHJhLiBFc3Bsb3JhIGlsIGRlc2VydG8gZGVsIFNhaGFyYSBlIHBhc3NhIGRhIEZlcyBhbGxlIHZpdmFjaSBzdHJhZGUgZGkgTWFycmFrZWNoLjxcL3A+XG48XC9kaXY+PFwvZGl2PjxcL2Rpdj48XC9kaXY+IiwiPGRpdiBjbGFzcz1cImVhZWwtZmlsdGVyYWJsZS1nYWxsZXJ5LWl0ZW0td3JhcCBlYWVsLWNmLWZlc1wiIGRhdGEtc2VhcmNoLWtleT1cIjQtZ2lvcm5pOi1kYS1mZXMtYS1tZXJ6b3VnYVwiPjxkaXYgY2xhc3M9XCJmZy1sYXlvdXQtMy1pdGVtIGVhZWwtZ2FsbGVyeS1ncmlkLWl0ZW1cIj48YSBocmVmPVwiaHR0cHM6XC9cL3d3dy52YWNhdGlvbnNpbm1vcm9jY28uY29tXC9pdFwvdG91ci1kZWwtZGVzZXJ0by1kaS1tZXJ6b3VnYS1kYS1mZXMtaW4tNC1naW9ybmlcL1wiPjxkaXYgY2xhc3M9XCJnYWxsZXJ5LWl0ZW0tdGh1bWJuYWlsLXdyYXAgZmctbGF5b3V0LTMtaXRlbS10aHVtYlwiPjxpbWcgd2lkdGg9XCIyNDBcIiBoZWlnaHQ9XCIzMDBcIiBzcmM9XCJodHRwczpcL1wvd3d3LnZhY2F0aW9uc2lubW9yb2Njby5jb21cL3dwLWNvbnRlbnRcL3VwbG9hZHNcLzIwMjJcLzA3XC80LURheXMtRnJvbS1GZXMtdG8tTWVyem91Z2EtZGVzZXJ0LXRvdXItMjQweDMwMC5qcGdcIiBjbGFzcz1cImF0dGFjaG1lbnQtbWVkaXVtIHNpemUtbWVkaXVtIHdwLWltYWdlLTE4NTlcIiBhbHQ9XCJNb3JvY2NvIGl0aW5lcmFyeSA0IERheXMgRnJvbSBGZXNcIiBzcmNzZXQ9XCJodHRwczpcL1wvd3d3LnZhY2F0aW9uc2lubW9yb2Njby5jb21cL3dwLWNvbnRlbnRcL3VwbG9hZHNcLzIwMjJcLzA3XC80LURheXMtRnJvbS1GZXMtdG8tTWVyem91Z2EtZGVzZXJ0LXRvdXItMjQweDMwMC5qcGcgMjQwdywgaHR0cHM6XC9cL3d3dy52YWNhdGlvbnNpbm1vcm9jY28uY29tXC93cC1jb250ZW50XC91cGxvYWRzXC8yMDIyXC8wN1wvNC1EYXlzLUZyb20tRmVzLXRvLU1lcnpvdWdhLWRlc2VydC10b3VyLmpwZyA0ODB3XCIgc2l6ZXM9XCIobWF4LXdpZHRoOiAyNDBweCkgMTAwdncsIDI0MHB4XCIgXC8+PGRpdiBjbGFzcz1cImdhbGxlcnktaXRlbS1jYXB0aW9uLXdyYXAgY2FyZC1ob3Zlci1iZyBjYXB0aW9uLXN0eWxlLWhvdmVyZXJcIj48ZGl2IGNsYXNzPVwiZmctY2FwdGlvbi1oZWFkXCI+PFwvZGl2PjxcL2Rpdj48XC9kaXY+PFwvYT48ZGl2IGNsYXNzPVwiZmctbGF5b3V0LTMtaXRlbS1jb250ZW50XCI+PGRpdiBjbGFzcz1cImZnLWl0ZW0tY2F0ZWdvcnlcIj48c3Bhbj5GZXM8XC9zcGFuPjxcL2Rpdj48YSBocmVmPVwiaHR0cHM6XC9cL3d3dy52YWNhdGlvbnNpbm1vcm9jY28uY29tXC9pdFwvdG91ci1kZWwtZGVzZXJ0by1kaS1tZXJ6b3VnYS1kYS1mZXMtaW4tNC1naW9ybmlcL1wiPjxoMyBjbGFzcz1cImZnLWl0ZW0tdGl0bGVcIj40IGdpb3JuaTogRGEgRmVzIGEgTWVyem91Z2E8XC9oMz48XC9hPjxkaXYgY2xhc3M9XCJmZy1pdGVtLWNvbnRlbnRcIj48cD5TY29wcmkgbGEgYmVsbGV6emEgZGVpIG1vbnVtZW50aSBkZWwgTWFyb2NjbyBlIGRlbCB2YXN0byBkZXNlcnRvIGRlbCBTYWhhcmEgY29uIHF1ZXN0byB0b3VyIGRpIDQgZ2lvcm5pLiBJIHB1bnRpIHNhbGllbnRpIHNvbm8gbGUgbWFlc3Rvc2UgZHVuZSBlIGkgbW9udW1lbnRpIGN1bHR1cmFsaS48XC9wPlxuPFwvZGl2PjxcL2Rpdj48XC9kaXY+PFwvZGl2PiIsIjxkaXYgY2xhc3M9XCJlYWVsLWZpbHRlcmFibGUtZ2FsbGVyeS1pdGVtLXdyYXAgZWFlbC1jZi1mZXNcIiBkYXRhLXNlYXJjaC1rZXk9XCJ0b3VyLWRpLTUtZ2lvcm5pOi1mZXMtZS1yaXRvcm5vXCI+PGRpdiBjbGFzcz1cImZnLWxheW91dC0zLWl0ZW0gZWFlbC1nYWxsZXJ5LWdyaWQtaXRlbVwiPjxhIGhyZWY9XCJodHRwczpcL1wvd3d3LnZhY2F0aW9uc2lubW9yb2Njby5jb21cL2l0XC90b3VyLWRpLTUtZ2lvcm5pLW5lbC1kZXNlcnRvLWRhLWZlcy1hLW1lcnpvdWdhXC9cIj48ZGl2IGNsYXNzPVwiZ2FsbGVyeS1pdGVtLXRodW1ibmFpbC13cmFwIGZnLWxheW91dC0zLWl0ZW0tdGh1bWJcIj48aW1nIHdpZHRoPVwiMjAwXCIgaGVpZ2h0PVwiMzAwXCIgc3JjPVwiaHR0cHM6XC9cL3d3dy52YWNhdGlvbnNpbm1vcm9jY28uY29tXC93cC1jb250ZW50XC91cGxvYWRzXC8yMDIzXC8wMlwvNS1kYXlzLWRlc2VydC10b3VyLWZyb20tZmVzLTIwMHgzMDAuanBnXCIgY2xhc3M9XCJhdHRhY2htZW50LW1lZGl1bSBzaXplLW1lZGl1bSB3cC1pbWFnZS04ODg5XCIgYWx0PVwiNSBEYXlzIFRvdXIgRnJvbSBGZXNcIiBzcmNzZXQ9XCJodHRwczpcL1wvd3d3LnZhY2F0aW9uc2lubW9yb2Njby5jb21cL3dwLWNvbnRlbnRcL3VwbG9hZHNcLzIwMjNcLzAyXC81LWRheXMtZGVzZXJ0LXRvdXItZnJvbS1mZXMtMjAweDMwMC5qcGcgMjAwdywgaHR0cHM6XC9cL3d3dy52YWNhdGlvbnNpbm1vcm9jY28uY29tXC93cC1jb250ZW50XC91cGxvYWRzXC8yMDIzXC8wMlwvNS1kYXlzLWRlc2VydC10b3VyLWZyb20tZmVzLTY4M3gxMDI0LmpwZyA2ODN3LCBodHRwczpcL1wvd3d3LnZhY2F0aW9uc2lubW9yb2Njby5jb21cL3dwLWNvbnRlbnRcL3VwbG9hZHNcLzIwMjNcLzAyXC81LWRheXMtZGVzZXJ0LXRvdXItZnJvbS1mZXMtNzY4eDExNTIuanBnIDc2OHcsIGh0dHBzOlwvXC93d3cudmFjYXRpb25zaW5tb3JvY2NvLmNvbVwvd3AtY29udGVudFwvdXBsb2Fkc1wvMjAyM1wvMDJcLzUtZGF5cy1kZXNlcnQtdG91ci1mcm9tLWZlcy0xMDI0eDE1MzYuanBnIDEwMjR3LCBodHRwczpcL1wvd3d3LnZhY2F0aW9uc2lubW9yb2Njby5jb21cL3dwLWNvbnRlbnRcL3VwbG9hZHNcLzIwMjNcLzAyXC81LWRheXMtZGVzZXJ0LXRvdXItZnJvbS1mZXMtMTM2NXgyMDQ4LmpwZyAxMzY1dywgaHR0cHM6XC9cL3d3dy52YWNhdGlvbnNpbm1vcm9jY28uY29tXC93cC1jb250ZW50XC91cGxvYWRzXC8yMDIzXC8wMlwvNS1kYXlzLWRlc2VydC10b3VyLWZyb20tZmVzLXNjYWxlZC5qcGcgMTcwN3dcIiBzaXplcz1cIihtYXgtd2lkdGg6IDIwMHB4KSAxMDB2dywgMjAwcHhcIiBcLz48ZGl2IGNsYXNzPVwiZ2FsbGVyeS1pdGVtLWNhcHRpb24td3JhcCBjYXJkLWhvdmVyLWJnIGNhcHRpb24tc3R5bGUtaG92ZXJlclwiPjxkaXYgY2xhc3M9XCJmZy1jYXB0aW9uLWhlYWRcIj48XC9kaXY+PFwvZGl2PjxcL2Rpdj48XC9hPjxkaXYgY2xhc3M9XCJmZy1sYXlvdXQtMy1pdGVtLWNvbnRlbnRcIj48ZGl2IGNsYXNzPVwiZmctaXRlbS1jYXRlZ29yeVwiPjxzcGFuPkZlczxcL3NwYW4+PFwvZGl2PjxhIGhyZWY9XCJodHRwczpcL1wvd3d3LnZhY2F0aW9uc2lubW9yb2Njby5jb21cL2l0XC90b3VyLWRpLTUtZ2lvcm5pLW5lbC1kZXNlcnRvLWRhLWZlcy1hLW1lcnpvdWdhXC9cIj48aDMgY2xhc3M9XCJmZy1pdGVtLXRpdGxlXCI+VG91ciBkaSA1IGdpb3JuaTogRmVzIGUgcml0b3JubzxcL2gzPjxcL2E+PGRpdiBjbGFzcz1cImZnLWl0ZW0tY29udGVudFwiPjxwPkVzcGxvcmEgaWwgZGVzZXJ0byBtYXJvY2NoaW5vIGNvbiBxdWVzdG8gdG91ciBkaSA1IGdpb3JuaS4gRHVyYW50ZSBpbCB2aWFnZ2lvIGRhIEZlcyBhIE1lcnpvdWdhLCBzY29wcmlyYWkgcGFlc2FnZ2kgbW96emFmaWF0byBlIHZpdnJhaSBsYSBzZXJlbml0XHUwMGUwIGRlbCBTYWhhcmEuPFwvcD5cbjxcL2Rpdj48XC9kaXY+PFwvZGl2PjxcL2Rpdj4iLCI8ZGl2IGNsYXNzPVwiZWFlbC1maWx0ZXJhYmxlLWdhbGxlcnktaXRlbS13cmFwIGVhZWwtY2YtZmVzXCIgZGF0YS1zZWFyY2gta2V5PVwidG91ci1kaS03LWdpb3JuaTotZmVzLWUtaWwtc2FoYXJhXCI+PGRpdiBjbGFzcz1cImZnLWxheW91dC0zLWl0ZW0gZWFlbC1nYWxsZXJ5LWdyaWQtaXRlbVwiPjxhIGhyZWY9XCJodHRwczpcL1wvd3d3LnZhY2F0aW9uc2lubW9yb2Njby5jb21cL2l0XC91bmEtc2V0dGltYW5hLWluLW1hcm9jY28tZGEtZmVzLWl0aW5lcmFyaW8tbmVsLWRlc2VydG9cL1wiPjxkaXYgY2xhc3M9XCJnYWxsZXJ5LWl0ZW0tdGh1bWJuYWlsLXdyYXAgZmctbGF5b3V0LTMtaXRlbS10aHVtYlwiPjxpbWcgd2lkdGg9XCIyNDBcIiBoZWlnaHQ9XCIzMDBcIiBzcmM9XCJodHRwczpcL1wvd3d3LnZhY2F0aW9uc2lubW9yb2Njby5jb21cL3dwLWNvbnRlbnRcL3VwbG9hZHNcLzIwMjJcLzA3XC9EZXNlcnQtSXRpbmVyYXJ5LXRvLU1hcnJha2VjaC0yNDB4MzAwLmpwZ1wiIGNsYXNzPVwiYXR0YWNobWVudC1tZWRpdW0gc2l6ZS1tZWRpdW0gd3AtaW1hZ2UtMTkxOVwiIGFsdD1cIk9uZSB3ZWVrIEluIE1vcm9jY29cIiBzcmNzZXQ9XCJodHRwczpcL1wvd3d3LnZhY2F0aW9uc2lubW9yb2Njby5jb21cL3dwLWNvbnRlbnRcL3VwbG9hZHNcLzIwMjJcLzA3XC9EZXNlcnQtSXRpbmVyYXJ5LXRvLU1hcnJha2VjaC0yNDB4MzAwLmpwZyAyNDB3LCBodHRwczpcL1wvd3d3LnZhY2F0aW9uc2lubW9yb2Njby5jb21cL3dwLWNvbnRlbnRcL3VwbG9hZHNcLzIwMjJcLzA3XC9EZXNlcnQtSXRpbmVyYXJ5LXRvLU1hcnJha2VjaC5qcGcgNDgwd1wiIHNpemVzPVwiKG1heC13aWR0aDogMjQwcHgpIDEwMHZ3LCAyNDBweFwiIFwvPjxkaXYgY2xhc3M9XCJnYWxsZXJ5LWl0ZW0tY2FwdGlvbi13cmFwIGNhcmQtaG92ZXItYmcgY2FwdGlvbi1zdHlsZS1ob3ZlcmVyXCI+PGRpdiBjbGFzcz1cImZnLWNhcHRpb24taGVhZFwiPjxcL2Rpdj48XC9kaXY+PFwvZGl2PjxcL2E+PGRpdiBjbGFzcz1cImZnLWxheW91dC0zLWl0ZW0tY29udGVudFwiPjxkaXYgY2xhc3M9XCJmZy1pdGVtLWNhdGVnb3J5XCI+PHNwYW4+RmVzPFwvc3Bhbj48XC9kaXY+PGEgaHJlZj1cImh0dHBzOlwvXC93d3cudmFjYXRpb25zaW5tb3JvY2NvLmNvbVwvaXRcL3VuYS1zZXR0aW1hbmEtaW4tbWFyb2Njby1kYS1mZXMtaXRpbmVyYXJpby1uZWwtZGVzZXJ0b1wvXCI+PGgzIGNsYXNzPVwiZmctaXRlbS10aXRsZVwiPlRvdXIgZGkgNyBnaW9ybmk6IEZlcyBlIGlsIFNhaGFyYTxcL2gzPjxcL2E+PGRpdiBjbGFzcz1cImZnLWl0ZW0tY29udGVudFwiPjxwPkNvbWJpbmEgaWwgbWVnbGlvIGRpIEZlcyBlIGRlbCBkZXNlcnRvIGRlbCBTYWhhcmEgaW4gcXVlc3RhIGF2dmVudHVyYSBkaSB1bmEgc2V0dGltYW5hLiBFc3Bsb3JhIGR1ZSBjaXR0XHUwMGUwIGltcGVyaWFsaSBlIGkgcGFlc2FnZ2kgbW96emFmaWF0byBkZWwgZGVzZXJ0by48XC9wPlxuPFwvZGl2PjxcL2Rpdj48XC9kaXY+PFwvZGl2PiIsIjxkaXYgY2xhc3M9XCJlYWVsLWZpbHRlcmFibGUtZ2FsbGVyeS1pdGVtLXdyYXAgZWFlbC1jZi1mZXNcIiBkYXRhLXNlYXJjaC1rZXk9XCJ0b3VyLWRpLTEwLWdpb3JuaTotZGEtZmVzLWEtbWFycmFrZWNoXCI+PGRpdiBjbGFzcz1cImZnLWxheW91dC0zLWl0ZW0gZWFlbC1nYWxsZXJ5LWdyaWQtaXRlbVwiPjxhIGhyZWY9XCJodHRwczpcL1wvd3d3LnZhY2F0aW9uc2lubW9yb2Njby5jb21cL2l0XC9tYXJvY2NvLWluLTEwLWdpb3JuaS10b3VyLXVuaWNvLW5lbC1kZXNlcnRvLWRhLWZlcy1hLW1hcnJha2VjaFwvXCI+PGRpdiBjbGFzcz1cImdhbGxlcnktaXRlbS10aHVtYm5haWwtd3JhcCBmZy1sYXlvdXQtMy1pdGVtLXRodW1iXCI+PGltZyB3aWR0aD1cIjI0MFwiIGhlaWdodD1cIjMwMFwiIHNyYz1cImh0dHBzOlwvXC93d3cudmFjYXRpb25zaW5tb3JvY2NvLmNvbVwvd3AtY29udGVudFwvdXBsb2Fkc1wvMjAyMlwvMDdcL0Rlc2VydC1JdGluZXJhcnktRnJvbS1GZXMtVG8tTWFycmFrZWNoLUluLTEwLURheXMtMjQweDMwMC5qcGdcIiBjbGFzcz1cImF0dGFjaG1lbnQtbWVkaXVtIHNpemUtbWVkaXVtIHdwLWltYWdlLTIxNTJcIiBhbHQ9XCIxMCBEYXlzIE1vcm9jY28gdG91clwiIHNyY3NldD1cImh0dHBzOlwvXC93d3cudmFjYXRpb25zaW5tb3JvY2NvLmNvbVwvd3AtY29udGVudFwvdXBsb2Fkc1wvMjAyMlwvMDdcL0Rlc2VydC1JdGluZXJhcnktRnJvbS1GZXMtVG8tTWFycmFrZWNoLUluLTEwLURheXMtMjQweDMwMC5qcGcgMjQwdywgaHR0cHM6XC9cL3d3dy52YWNhdGlvbnNpbm1vcm9jY28uY29tXC93cC1jb250ZW50XC91cGxvYWRzXC8yMDIyXC8wN1wvRGVzZXJ0LUl0aW5lcmFyeS1Gcm9tLUZlcy1Uby1NYXJyYWtlY2gtSW4tMTAtRGF5cy04MTl4MTAyNC5qcGcgODE5dywgaHR0cHM6XC9cL3d3dy52YWNhdGlvbnNpbm1vcm9jY28uY29tXC93cC1jb250ZW50XC91cGxvYWRzXC8yMDIyXC8wN1wvRGVzZXJ0LUl0aW5lcmFyeS1Gcm9tLUZlcy1Uby1NYXJyYWtlY2gtSW4tMTAtRGF5cy03Njh4OTYwLmpwZyA3Njh3LCBodHRwczpcL1wvd3d3LnZhY2F0aW9uc2lubW9yb2Njby5jb21cL3dwLWNvbnRlbnRcL3VwbG9hZHNcLzIwMjJcLzA3XC9EZXNlcnQtSXRpbmVyYXJ5LUZyb20tRmVzLVRvLU1hcnJha2VjaC1Jbi0xMC1EYXlzLmpwZyAxMDY5d1wiIHNpemVzPVwiKG1heC13aWR0aDogMjQwcHgpIDEwMHZ3LCAyNDBweFwiIFwvPjxkaXYgY2xhc3M9XCJnYWxsZXJ5LWl0ZW0tY2FwdGlvbi13cmFwIGNhcmQtaG92ZXItYmcgY2FwdGlvbi1zdHlsZS1ob3ZlcmVyXCI+PGRpdiBjbGFzcz1cImZnLWNhcHRpb24taGVhZFwiPjxcL2Rpdj48XC9kaXY+PFwvZGl2PjxcL2E+PGRpdiBjbGFzcz1cImZnLWxheW91dC0zLWl0ZW0tY29udGVudFwiPjxkaXYgY2xhc3M9XCJmZy1pdGVtLWNhdGVnb3J5XCI+PHNwYW4+RmVzPFwvc3Bhbj48XC9kaXY+PGEgaHJlZj1cImh0dHBzOlwvXC93d3cudmFjYXRpb25zaW5tb3JvY2NvLmNvbVwvaXRcL21hcm9jY28taW4tMTAtZ2lvcm5pLXRvdXItdW5pY28tbmVsLWRlc2VydG8tZGEtZmVzLWEtbWFycmFrZWNoXC9cIj48aDMgY2xhc3M9XCJmZy1pdGVtLXRpdGxlXCI+VG91ciBkaSAxMCBnaW9ybmk6IERhIEZlcyBhIE1hcnJha2VjaDxcL2gzPjxcL2E+PGRpdiBjbGFzcz1cImZnLWl0ZW0tY29udGVudFwiPjxwPkFwcHJvZm9uZGlzY2kgbGEgY3VsdHVyYSBtYXJvY2NoaW5hIGNvbiBxdWVzdG8gdG91ciBkaSAxMCBnaW9ybmkuIENvbmNlbnRyYXRpIHN1bGxlIGNpdHRcdTAwZTAgc3RvcmljaGUgZGkgRmVzIGUgTWFycmFrZWNoIGUgZ29kaXRpIGwmIzgyMTc7aW5jYW50ZXZvbGUgcGFlc2FnZ2lvIGRlbCBkZXNlcnRvLjxcL3A+XG48XC9kaXY+PFwvZGl2PjxcL2Rpdj48XC9kaXY+Il0=\" data-init-show=\"30\">\n            <div class=\"eael-filterable-gallery-item-wrap eael-cf-fes\" data-search-key=\"2-giorni:-da-fes-al-deserto-di-merzouga\"><div class=\"fg-layout-3-item eael-gallery-grid-item\"><a href=\"https:\/\/www.vacationsinmorocco.com\/it\/tour-di-2-giorni-nel-deserto-da-fes-a-merzouga\/\"><div class=\"gallery-item-thumbnail-wrap fg-layout-3-item-thumb\"><img fetchpriority=\"high\" decoding=\"async\" width=\"268\" height=\"300\" src=\"https:\/\/www.vacationsinmorocco.com\/wp-content\/uploads\/2022\/07\/2-Days-From-Fes-to-Merzouga-268x300.jpg\" class=\"attachment-medium size-medium wp-image-1746\" alt=\"2 Days From Fes\" srcset=\"https:\/\/www.vacationsinmorocco.com\/wp-content\/uploads\/2022\/07\/2-Days-From-Fes-to-Merzouga-268x300.jpg 268w, https:\/\/www.vacationsinmorocco.com\/wp-content\/uploads\/2022\/07\/2-Days-From-Fes-to-Merzouga.jpg 480w\" sizes=\"(max-width: 268px) 100vw, 268px\" \/><div class=\"gallery-item-caption-wrap card-hover-bg caption-style-hoverer\"><div class=\"fg-caption-head\"><\/div><\/div><\/div><\/a><div class=\"fg-layout-3-item-content\"><div class=\"fg-item-category\"><span>Fes<\/span><\/div><a href=\"https:\/\/www.vacationsinmorocco.com\/it\/tour-di-2-giorni-nel-deserto-da-fes-a-merzouga\/\"><h3 class=\"fg-item-title\">2 giorni: Da Fes al deserto di Merzouga<\/h3><\/a><div class=\"fg-item-content\"><p>Vivi la magia del Sahara con un breve ma indimenticabile viaggio da Fes a Merzouga. Perfetto per chi ha poco tempo a disposizione ma \u00e8 desideroso di ammirare le dune.<\/p>\n<\/div><\/div><\/div><\/div><div class=\"eael-filterable-gallery-item-wrap eael-cf-fes\" data-search-key=\"tour-di-3-giorni:-da-fes-a-marrakech\"><div class=\"fg-layout-3-item eael-gallery-grid-item\"><a href=\"https:\/\/www.vacationsinmorocco.com\/it\/vacanza-nel-deserto-di-fes-per-la-piu-grande-marrakech-in-3-giorni\/\"><div class=\"gallery-item-thumbnail-wrap fg-layout-3-item-thumb\"><img decoding=\"async\" width=\"240\" height=\"300\" src=\"https:\/\/www.vacationsinmorocco.com\/wp-content\/uploads\/2022\/07\/Fes-Desert-Vacation-240x300.jpg\" class=\"attachment-medium size-medium wp-image-1798\" alt=\"3 Days From Fes\" srcset=\"https:\/\/www.vacationsinmorocco.com\/wp-content\/uploads\/2022\/07\/Fes-Desert-Vacation-240x300.jpg 240w, https:\/\/www.vacationsinmorocco.com\/wp-content\/uploads\/2022\/07\/Fes-Desert-Vacation.jpg 480w\" sizes=\"(max-width: 240px) 100vw, 240px\" \/><div class=\"gallery-item-caption-wrap card-hover-bg caption-style-hoverer\"><div class=\"fg-caption-head\"><\/div><\/div><\/div><\/a><div class=\"fg-layout-3-item-content\"><div class=\"fg-item-category\"><span>Fes<\/span><\/div><a href=\"https:\/\/www.vacationsinmorocco.com\/it\/vacanza-nel-deserto-di-fes-per-la-piu-grande-marrakech-in-3-giorni\/\"><h3 class=\"fg-item-title\">Tour di 3 giorni: Da Fes a Marrakech<\/h3><\/a><div class=\"fg-item-content\"><p>Goditi un tour di 3 giorni da una citt\u00e0 imperiale all&#8217;altra. Esplora il deserto del Sahara e passa da Fes alle vivaci strade di Marrakech.<\/p>\n<\/div><\/div><\/div><\/div><div class=\"eael-filterable-gallery-item-wrap eael-cf-fes\" data-search-key=\"4-giorni:-da-fes-a-merzouga\"><div class=\"fg-layout-3-item eael-gallery-grid-item\"><a href=\"https:\/\/www.vacationsinmorocco.com\/it\/tour-del-deserto-di-merzouga-da-fes-in-4-giorni\/\"><div class=\"gallery-item-thumbnail-wrap fg-layout-3-item-thumb\"><img decoding=\"async\" width=\"240\" height=\"300\" src=\"https:\/\/www.vacationsinmorocco.com\/wp-content\/uploads\/2022\/07\/4-Days-From-Fes-to-Merzouga-desert-tour-240x300.jpg\" class=\"attachment-medium size-medium wp-image-1859\" alt=\"Morocco itinerary 4 Days From Fes\" srcset=\"https:\/\/www.vacationsinmorocco.com\/wp-content\/uploads\/2022\/07\/4-Days-From-Fes-to-Merzouga-desert-tour-240x300.jpg 240w, https:\/\/www.vacationsinmorocco.com\/wp-content\/uploads\/2022\/07\/4-Days-From-Fes-to-Merzouga-desert-tour.jpg 480w\" sizes=\"(max-width: 240px) 100vw, 240px\" \/><div class=\"gallery-item-caption-wrap card-hover-bg caption-style-hoverer\"><div class=\"fg-caption-head\"><\/div><\/div><\/div><\/a><div class=\"fg-layout-3-item-content\"><div class=\"fg-item-category\"><span>Fes<\/span><\/div><a href=\"https:\/\/www.vacationsinmorocco.com\/it\/tour-del-deserto-di-merzouga-da-fes-in-4-giorni\/\"><h3 class=\"fg-item-title\">4 giorni: Da Fes a Merzouga<\/h3><\/a><div class=\"fg-item-content\"><p>Scopri la bellezza dei monumenti del Marocco e del vasto deserto del Sahara con questo tour di 4 giorni. I punti salienti sono le maestose dune e i monumenti culturali.<\/p>\n<\/div><\/div><\/div><\/div><div class=\"eael-filterable-gallery-item-wrap eael-cf-fes\" data-search-key=\"tour-di-5-giorni:-fes-e-ritorno\"><div class=\"fg-layout-3-item eael-gallery-grid-item\"><a href=\"https:\/\/www.vacationsinmorocco.com\/it\/tour-di-5-giorni-nel-deserto-da-fes-a-merzouga\/\"><div class=\"gallery-item-thumbnail-wrap fg-layout-3-item-thumb\"><img loading=\"lazy\" decoding=\"async\" width=\"200\" height=\"300\" src=\"https:\/\/www.vacationsinmorocco.com\/wp-content\/uploads\/2023\/02\/5-days-desert-tour-from-fes-200x300.jpg\" class=\"attachment-medium size-medium wp-image-8889\" alt=\"5 Days Tour From Fes\" srcset=\"https:\/\/www.vacationsinmorocco.com\/wp-content\/uploads\/2023\/02\/5-days-desert-tour-from-fes-200x300.jpg 200w, https:\/\/www.vacationsinmorocco.com\/wp-content\/uploads\/2023\/02\/5-days-desert-tour-from-fes-683x1024.jpg 683w, https:\/\/www.vacationsinmorocco.com\/wp-content\/uploads\/2023\/02\/5-days-desert-tour-from-fes-768x1152.jpg 768w, https:\/\/www.vacationsinmorocco.com\/wp-content\/uploads\/2023\/02\/5-days-desert-tour-from-fes-1024x1536.jpg 1024w, https:\/\/www.vacationsinmorocco.com\/wp-content\/uploads\/2023\/02\/5-days-desert-tour-from-fes-1365x2048.jpg 1365w, https:\/\/www.vacationsinmorocco.com\/wp-content\/uploads\/2023\/02\/5-days-desert-tour-from-fes-scaled.jpg 1707w\" sizes=\"(max-width: 200px) 100vw, 200px\" \/><div class=\"gallery-item-caption-wrap card-hover-bg caption-style-hoverer\"><div class=\"fg-caption-head\"><\/div><\/div><\/div><\/a><div class=\"fg-layout-3-item-content\"><div class=\"fg-item-category\"><span>Fes<\/span><\/div><a href=\"https:\/\/www.vacationsinmorocco.com\/it\/tour-di-5-giorni-nel-deserto-da-fes-a-merzouga\/\"><h3 class=\"fg-item-title\">Tour di 5 giorni: Fes e ritorno<\/h3><\/a><div class=\"fg-item-content\"><p>Esplora il deserto marocchino con questo tour di 5 giorni. Durante il viaggio da Fes a Merzouga, scoprirai paesaggi mozzafiato e vivrai la serenit\u00e0 del Sahara.<\/p>\n<\/div><\/div><\/div><\/div><div class=\"eael-filterable-gallery-item-wrap eael-cf-fes\" data-search-key=\"tour-di-7-giorni:-fes-e-il-sahara\"><div class=\"fg-layout-3-item eael-gallery-grid-item\"><a href=\"https:\/\/www.vacationsinmorocco.com\/it\/una-settimana-in-marocco-da-fes-itinerario-nel-deserto\/\"><div class=\"gallery-item-thumbnail-wrap fg-layout-3-item-thumb\"><img loading=\"lazy\" decoding=\"async\" width=\"240\" height=\"300\" src=\"https:\/\/www.vacationsinmorocco.com\/wp-content\/uploads\/2022\/07\/Desert-Itinerary-to-Marrakech-240x300.jpg\" class=\"attachment-medium size-medium wp-image-1919\" alt=\"One week In Morocco\" srcset=\"https:\/\/www.vacationsinmorocco.com\/wp-content\/uploads\/2022\/07\/Desert-Itinerary-to-Marrakech-240x300.jpg 240w, https:\/\/www.vacationsinmorocco.com\/wp-content\/uploads\/2022\/07\/Desert-Itinerary-to-Marrakech.jpg 480w\" sizes=\"(max-width: 240px) 100vw, 240px\" \/><div class=\"gallery-item-caption-wrap card-hover-bg caption-style-hoverer\"><div class=\"fg-caption-head\"><\/div><\/div><\/div><\/a><div class=\"fg-layout-3-item-content\"><div class=\"fg-item-category\"><span>Fes<\/span><\/div><a href=\"https:\/\/www.vacationsinmorocco.com\/it\/una-settimana-in-marocco-da-fes-itinerario-nel-deserto\/\"><h3 class=\"fg-item-title\">Tour di 7 giorni: Fes e il Sahara<\/h3><\/a><div class=\"fg-item-content\"><p>Combina il meglio di Fes e del deserto del Sahara in questa avventura di una settimana. Esplora due citt\u00e0 imperiali e i paesaggi mozzafiato del deserto.<\/p>\n<\/div><\/div><\/div><\/div><div class=\"eael-filterable-gallery-item-wrap eael-cf-fes\" data-search-key=\"tour-di-10-giorni:-da-fes-a-marrakech\"><div class=\"fg-layout-3-item eael-gallery-grid-item\"><a href=\"https:\/\/www.vacationsinmorocco.com\/it\/marocco-in-10-giorni-tour-unico-nel-deserto-da-fes-a-marrakech\/\"><div class=\"gallery-item-thumbnail-wrap fg-layout-3-item-thumb\"><img loading=\"lazy\" decoding=\"async\" width=\"240\" height=\"300\" src=\"https:\/\/www.vacationsinmorocco.com\/wp-content\/uploads\/2022\/07\/Desert-Itinerary-From-Fes-To-Marrakech-In-10-Days-240x300.jpg\" class=\"attachment-medium size-medium wp-image-2152\" alt=\"10 Days Morocco tour\" srcset=\"https:\/\/www.vacationsinmorocco.com\/wp-content\/uploads\/2022\/07\/Desert-Itinerary-From-Fes-To-Marrakech-In-10-Days-240x300.jpg 240w, https:\/\/www.vacationsinmorocco.com\/wp-content\/uploads\/2022\/07\/Desert-Itinerary-From-Fes-To-Marrakech-In-10-Days-819x1024.jpg 819w, https:\/\/www.vacationsinmorocco.com\/wp-content\/uploads\/2022\/07\/Desert-Itinerary-From-Fes-To-Marrakech-In-10-Days-768x960.jpg 768w, https:\/\/www.vacationsinmorocco.com\/wp-content\/uploads\/2022\/07\/Desert-Itinerary-From-Fes-To-Marrakech-In-10-Days.jpg 1069w\" sizes=\"(max-width: 240px) 100vw, 240px\" \/><div class=\"gallery-item-caption-wrap card-hover-bg caption-style-hoverer\"><div class=\"fg-caption-head\"><\/div><\/div><\/div><\/a><div class=\"fg-layout-3-item-content\"><div class=\"fg-item-category\"><span>Fes<\/span><\/div><a href=\"https:\/\/www.vacationsinmorocco.com\/it\/marocco-in-10-giorni-tour-unico-nel-deserto-da-fes-a-marrakech\/\"><h3 class=\"fg-item-title\">Tour di 10 giorni: Da Fes a Marrakech<\/h3><\/a><div class=\"fg-item-content\"><p>Approfondisci la cultura marocchina con questo tour di 10 giorni. Concentrati sulle citt\u00e0 storiche di Fes e Marrakech e goditi l&#8217;incantevole paesaggio del deserto.<\/p>\n<\/div><\/div><\/div><\/div>            <div id=\"eael-fg-no-items-found\" style=\"display:none;\">\n                No Items Found            <\/div>\n                    <\/div>\n                <\/div>\n        \n        \t\t\t\t<\/div>\n\t\t\t\t<\/div>\n\t\t\t\t\t<\/div>\n\t\t<\/div>\n\t\t\t\t\t<\/div>\n\t\t<\/section>\n\t\t\t\t<section class=\"elementor-section elementor-top-section elementor-element elementor-element-57ab2e3 elementor-section-boxed elementor-section-height-default elementor-section-height-default\" data-id=\"57ab2e3\" data-element_type=\"section\" data-e-type=\"section\">\n\t\t\t\t\t\t<div class=\"elementor-container elementor-column-gap-default\">\n\t\t\t\t\t<div class=\"elementor-column elementor-col-100 elementor-top-column elementor-element elementor-element-6021f78\" data-id=\"6021f78\" data-element_type=\"column\" data-e-type=\"column\">\n\t\t\t<div class=\"elementor-widget-wrap elementor-element-populated\">\n\t\t\t\t\t\t<div class=\"elementor-element elementor-element-9c14c11 reservation elementor-widget elementor-widget-heading\" data-id=\"9c14c11\" data-element_type=\"widget\" data-e-type=\"widget\" id=\"reservation\" data-widget_type=\"heading.default\">\n\t\t\t\t<div class=\"elementor-widget-container\">\n\t\t\t\t\t<h2 class=\"elementor-heading-title elementor-size-default\">Viaggi a met\u00e0 strada<\/h2>\t\t\t\t<\/div>\n\t\t\t\t<\/div>\n\t\t\t\t<div class=\"elementor-element elementor-element-07f66cd elementor-widget elementor-widget-text-editor\" data-id=\"07f66cd\" data-element_type=\"widget\" data-e-type=\"widget\" data-widget_type=\"text-editor.default\">\n\t\t\t\t<div class=\"elementor-widget-container\">\n\t\t\t\t\t\t\t\t\t<p>Noi di Vacanze in Marocco sappiamo che ogni viaggiatore \u00e8 diverso. Ecco perch\u00e9 offriamo la possibilit\u00e0 di creare programmi di viaggio personalizzati in base alle tue preferenze e al tuo budget. Il nostro team pu\u00f2 progettare il viaggio perfetto per te, sia che tu voglia esplorare pi\u00f9 citt\u00e0, prolungare il tuo soggiorno o concentrarti su esperienze specifiche.<\/p>\t\t\t\t\t\t\t\t<\/div>\n\t\t\t\t<\/div>\n\t\t\t\t<div class=\"elementor-element elementor-element-e833ac8 reservation elementor-widget elementor-widget-heading\" data-id=\"e833ac8\" data-element_type=\"widget\" data-e-type=\"widget\" data-widget_type=\"heading.default\">\n\t\t\t\t<div class=\"elementor-widget-container\">\n\t\t\t\t\t<h3 class=\"elementor-heading-title elementor-size-default\">Entra in contatto<\/h3>\t\t\t\t<\/div>\n\t\t\t\t<\/div>\n\t\t\t\t<div class=\"elementor-element elementor-element-302eb86 elementor-widget elementor-widget-text-editor\" data-id=\"302eb86\" data-element_type=\"widget\" data-e-type=\"widget\" data-widget_type=\"text-editor.default\">\n\t\t\t\t<div class=\"elementor-widget-container\">\n\t\t\t\t\t\t\t\t\t<p>Sei pronto a pianificare la tua vacanza da sogno a Fes? Compila il modulo sottostante e comunicaci le tue esigenze di viaggio. Il nostro team ti assister\u00e0 nella creazione dell&#8217;itinerario perfetto per la tua avventura in Marocco.<\/p>\t\t\t\t\t\t\t\t<\/div>\n\t\t\t\t<\/div>\n\t\t\t\t<div class=\"elementor-element elementor-element-644df96 elementor-button-align-stretch elementor-widget elementor-widget-form\" data-id=\"644df96\" data-element_type=\"widget\" data-e-type=\"widget\" data-settings=\"{&quot;step_next_label&quot;:&quot;Avanti&quot;,&quot;step_previous_label&quot;:&quot;Precedente&quot;,&quot;button_width&quot;:&quot;100&quot;,&quot;step_type&quot;:&quot;number_text&quot;,&quot;step_icon_shape&quot;:&quot;circle&quot;}\" data-widget_type=\"form.default\">\n\t\t\t\t<div class=\"elementor-widget-container\">\n\t\t\t\t\t\t\t<form class=\"elementor-form\" method=\"post\" name=\"Nuovo modulo\" aria-label=\"Nuovo modulo\">\n\t\t\t<input type=\"hidden\" name=\"post_id\" value=\"9796\"\/>\n\t\t\t<input type=\"hidden\" name=\"form_id\" value=\"644df96\"\/>\n\t\t\t<input type=\"hidden\" name=\"referer_title\" value=\"Vacations In Morocco\" \/>\n\n\t\t\t\n\t\t\t<div class=\"elementor-form-fields-wrapper elementor-labels-\">\n\t\t\t\t\t\t\t\t<div class=\"elementor-field-type-text elementor-field-group elementor-column elementor-field-group-name elementor-col-100 elementor-field-required\">\n\t\t\t\t\t\t\t\t\t\t\t\t<label for=\"form-field-name\" class=\"elementor-field-label elementor-screen-only\">\n\t\t\t\t\t\t\t\tNome\t\t\t\t\t\t\t<\/label>\n\t\t\t\t\t\t\t\t\t\t\t\t\t\t<input size=\"1\" type=\"text\" name=\"form_fields[name]\" id=\"form-field-name\" class=\"elementor-field elementor-size-md  elementor-field-textual\" placeholder=\"Nome\" required=\"required\">\n\t\t\t\t\t\t\t\t\t\t\t<\/div>\n\t\t\t\t\t\t\t\t<div class=\"elementor-field-type-email elementor-field-group elementor-column elementor-field-group-email elementor-col-100 elementor-field-required\">\n\t\t\t\t\t\t\t\t\t\t\t\t<label for=\"form-field-email\" class=\"elementor-field-label elementor-screen-only\">\n\t\t\t\t\t\t\t\tEmail\t\t\t\t\t\t\t<\/label>\n\t\t\t\t\t\t\t\t\t\t\t\t\t\t<input size=\"1\" type=\"email\" name=\"form_fields[email]\" id=\"form-field-email\" class=\"elementor-field elementor-size-md  elementor-field-textual\" placeholder=\"Email\" required=\"required\">\n\t\t\t\t\t\t\t\t\t\t\t<\/div>\n\t\t\t\t\t\t\t\t<div class=\"elementor-field-type-number elementor-field-group elementor-column elementor-field-group-field_c36191b elementor-col-100 elementor-field-required\">\n\t\t\t\t\t\t\t\t\t\t\t\t<label for=\"form-field-field_c36191b\" class=\"elementor-field-label elementor-screen-only\">\n\t\t\t\t\t\t\t\tNumero di viaggiatori\t\t\t\t\t\t\t<\/label>\n\t\t\t\t\t\t\t\t\t<input type=\"number\" name=\"form_fields[field_c36191b]\" id=\"form-field-field_c36191b\" class=\"elementor-field elementor-size-md  elementor-field-textual\" placeholder=\"Numero di viaggiatori\" required=\"required\" min=\"\" max=\"\" >\n\t\t\t\t\t\t<\/div>\n\t\t\t\t\t\t\t\t<div class=\"elementor-field-type-text elementor-field-group elementor-column elementor-field-group-field_de4aeab elementor-col-100 elementor-field-required\">\n\t\t\t\t\t\t\t\t\t\t\t\t<label for=\"form-field-field_de4aeab\" class=\"elementor-field-label elementor-screen-only\">\n\t\t\t\t\t\t\t\tPaese\t\t\t\t\t\t\t<\/label>\n\t\t\t\t\t\t\t\t\t\t\t\t\t\t<input size=\"1\" type=\"text\" name=\"form_fields[field_de4aeab]\" id=\"form-field-field_de4aeab\" class=\"elementor-field elementor-size-md  elementor-field-textual\" placeholder=\"Paese\" required=\"required\">\n\t\t\t\t\t\t\t\t\t\t\t<\/div>\n\t\t\t\t\t\t\t\t<div class=\"elementor-field-type-select elementor-field-group elementor-column elementor-field-group-field_a1df8b7 elementor-col-100 elementor-field-required\">\n\t\t\t\t\t\t\t\t\t\t\t\t<label for=\"form-field-field_a1df8b7\" class=\"elementor-field-label elementor-screen-only\">\n\t\t\t\t\t\t\t\tTipo\t\t\t\t\t\t\t<\/label>\n\t\t\t\t\t\t\t\t<div class=\"elementor-field elementor-select-wrapper remove-before \">\n\t\t\t<div class=\"select-caret-down-wrapper\">\n\t\t\t\t<svg aria-hidden=\"true\" class=\"e-font-icon-svg e-eicon-caret-down\" viewBox=\"0 0 571.4 571.4\" xmlns=\"http:\/\/www.w3.org\/2000\/svg\"><path d=\"M571 393Q571 407 561 418L311 668Q300 679 286 679T261 668L11 418Q0 407 0 393T11 368 36 357H536Q550 357 561 368T571 393Z\"><\/path><\/svg>\t\t\t<\/div>\n\t\t\t<select name=\"form_fields[field_a1df8b7]\" id=\"form-field-field_a1df8b7\" class=\"elementor-field-textual elementor-size-md\" required=\"required\">\n\t\t\t\t\t\t\t\t\t<option value=\"Standard \">Standard <\/option>\n\t\t\t\t\t\t\t\t\t<option value=\"Lusso\">Lusso<\/option>\n\t\t\t\t\t\t\t<\/select>\n\t\t<\/div>\n\t\t\t\t\t\t<\/div>\n\t\t\t\t\t\t\t\t<div class=\"elementor-field-type-text elementor-field-group elementor-column elementor-field-group-field_00cebcf elementor-col-100 elementor-field-required\">\n\t\t\t\t\t\t\t\t\t\t\t\t<label for=\"form-field-field_00cebcf\" class=\"elementor-field-label elementor-screen-only\">\n\t\t\t\t\t\t\t\tBilancio\t\t\t\t\t\t\t<\/label>\n\t\t\t\t\t\t\t\t\t\t\t\t\t\t<input size=\"1\" type=\"text\" name=\"form_fields[field_00cebcf]\" id=\"form-field-field_00cebcf\" class=\"elementor-field elementor-size-md  elementor-field-textual\" placeholder=\"Bilancio stimato\" required=\"required\">\n\t\t\t\t\t\t\t\t\t\t\t<\/div>\n\t\t\t\t\t\t\t\t<div class=\"elementor-field-type-tel elementor-field-group elementor-column elementor-field-group-field_50f72e7 elementor-col-100 elementor-field-required\">\n\t\t\t\t\t\t\t\t\t\t\t\t<label for=\"form-field-field_50f72e7\" class=\"elementor-field-label elementor-screen-only\">\n\t\t\t\t\t\t\t\tTel\t\t\t\t\t\t\t<\/label>\n\t\t\t\t\t\t\t\t<input size=\"1\" type=\"tel\" name=\"form_fields[field_50f72e7]\" id=\"form-field-field_50f72e7\" class=\"elementor-field elementor-size-md  elementor-field-textual\" placeholder=\"Numero su Whatsapp\" required=\"required\" pattern=\"[0-9()#&amp;+*-=.]+\" title=\"Sono accettati solo numeri e caratteri telefonici (#, -, *, ecc.).\">\n\n\t\t\t\t\t\t<\/div>\n\t\t\t\t\t\t\t\t<div class=\"elementor-field-type-textarea elementor-field-group elementor-column elementor-field-group-message elementor-col-100 elementor-field-required\">\n\t\t\t\t\t\t\t\t\t\t\t\t<label for=\"form-field-message\" class=\"elementor-field-label elementor-screen-only\">\n\t\t\t\t\t\t\t\tMessaggio\t\t\t\t\t\t\t<\/label>\n\t\t\t\t\t\t<textarea class=\"elementor-field-textual elementor-field  elementor-size-md\" name=\"form_fields[message]\" id=\"form-field-message\" rows=\"4\" placeholder=\"Spiegateci l&#039;organizzazione della vostra vacanza.\" required=\"required\"><\/textarea>\t\t\t\t<\/div>\n\t\t\t\t\t\t\t\t<div class=\"elementor-field-type-recaptcha elementor-field-group elementor-column elementor-field-group-field_d3b1498 elementor-col-100\">\n\t\t\t\t\t<div class=\"elementor-field\" id=\"form-field-field_d3b1498\"><div class=\"elementor-g-recaptcha\" data-sitekey=\"6LeMACAgAAAAAOV8athuf4Zp5M2C88WlbpmYC27w\" data-type=\"v2_checkbox\" data-theme=\"light\" data-size=\"normal\"><\/div><\/div>\t\t\t\t<\/div>\n\t\t\t\t\t\t\t\t<div class=\"elementor-field-group elementor-column elementor-field-type-submit elementor-col-100 e-form__buttons\">\n\t\t\t\t\t<button class=\"elementor-button elementor-size-sm\" type=\"submit\">\n\t\t\t\t\t\t<span class=\"elementor-button-content-wrapper\">\n\t\t\t\t\t\t\t\t\t\t\t\t\t\t\t\t\t\t\t\t\t\t<span class=\"elementor-button-text\">Inviare<\/span>\n\t\t\t\t\t\t\t\t\t\t\t\t\t<\/span>\n\t\t\t\t\t<\/button>\n\t\t\t\t<\/div>\n\t\t\t<\/div>\n\t\t<\/form>\n\t\t\t\t\t\t<\/div>\n\t\t\t\t<\/div>\n\t\t\t\t\t<\/div>\n\t\t<\/div>\n\t\t\t\t\t<\/div>\n\t\t<\/section>\n\t\t\t\t<section class=\"elementor-section elementor-top-section elementor-element elementor-element-5728ffd elementor-section-boxed elementor-section-height-default elementor-section-height-default\" data-id=\"5728ffd\" data-element_type=\"section\" data-e-type=\"section\">\n\t\t\t\t\t\t<div class=\"elementor-container elementor-column-gap-default\">\n\t\t\t\t\t<div class=\"elementor-column elementor-col-100 elementor-top-column elementor-element elementor-element-d0df528\" data-id=\"d0df528\" data-element_type=\"column\" data-e-type=\"column\">\n\t\t\t<div class=\"elementor-widget-wrap elementor-element-populated\">\n\t\t\t\t\t\t<div class=\"elementor-element elementor-element-b7d6b9a reviews elementor-widget elementor-widget-heading\" data-id=\"b7d6b9a\" data-element_type=\"widget\" data-e-type=\"widget\" id=\"reviews\" data-widget_type=\"heading.default\">\n\t\t\t\t<div class=\"elementor-widget-container\">\n\t\t\t\t\t<h2 class=\"elementor-heading-title elementor-size-default\">Recensioni<\/h2>\t\t\t\t<\/div>\n\t\t\t\t<\/div>\n\t\t\t\t\t<\/div>\n\t\t<\/div>\n\t\t\t\t\t<\/div>\n\t\t<\/section>\n\t\t\t\t<section class=\"elementor-section elementor-top-section elementor-element elementor-element-7fc019a elementor-section-boxed elementor-section-height-default elementor-section-height-default\" data-id=\"7fc019a\" data-element_type=\"section\" data-e-type=\"section\">\n\t\t\t\t\t\t<div class=\"elementor-container elementor-column-gap-default\">\n\t\t\t\t\t<div class=\"elementor-column elementor-col-100 elementor-top-column elementor-element elementor-element-4bb6b58\" data-id=\"4bb6b58\" data-element_type=\"column\" data-e-type=\"column\">\n\t\t\t<div class=\"elementor-widget-wrap elementor-element-populated\">\n\t\t\t\t\t\t<div class=\"elementor-element elementor-element-39a862b elementor-widget elementor-widget-eael-testimonial\" data-id=\"39a862b\" data-element_type=\"widget\" data-e-type=\"widget\" data-widget_type=\"eael-testimonial.default\">\n\t\t\t\t<div class=\"elementor-widget-container\">\n\t\t\t\t\t\n\t<div id=\"eael-testimonial-39a862b\" class=\"eael-testimonial-item clearfix  default-style rating-five\">\n\t\t\t\t\n\t\t\n\t\t\t\t\t\t\t\t<div class=\"eael-testimonial-content\">\n\t\t\t\t<div class=\"eael-testimonial-text\"><p><span>Il nostro tour nel deserto di 5 giorni da Fes \u00e8 stato eccezionale! Il viaggio attraverso il Sahara \u00e8 stato mozzafiato e il tempo trascorso a esplorare le dune di Merzouga \u00e8 stato indimenticabile. La guida era esperta e si \u00e8 assicurata che la nostra esperienza fosse perfetta. <\/span><span>Raccomandiamo vivamente<\/span><span> Raccomandiamo questo tour per una coinvolgente avventura nel deserto!<\/span><\/p><\/div>\t\t<ul class=\"testimonial-star-rating\">\n\t\t\t<li><i class=\"fas fa-star\" aria-hidden=\"true\"><\/i><\/li>\n\t\t\t<li><i class=\"fas fa-star\" aria-hidden=\"true\"><\/i><\/li>\n\t\t\t<li><i class=\"fas fa-star\" aria-hidden=\"true\"><\/i><\/li>\n\t\t\t<li><i class=\"fas fa-star\" aria-hidden=\"true\"><\/i><\/li>\n\t\t\t<li><i class=\"fas fa-star\" aria-hidden=\"true\"><\/i><\/li>\n\t\t<\/ul>\n\t\t<p class=\"eael-testimonial-user\">Debra<\/p><p class=\"eael-testimonial-user-company\">Vacanze in Marocco<\/p>\t\t\t<\/div>\n\t\t\n\t\t\n\t\t\n\t\t\n\t\t\n\t\t\n\t\t<span class=\"eael-testimonial-quote\"><\/span>\n\t<\/div>\n\n\t\t\t\t\t<\/div>\n\t\t\t\t<\/div>\n\t\t\t\t<div class=\"elementor-element elementor-element-cd831b3 elementor-widget elementor-widget-eael-testimonial\" data-id=\"cd831b3\" data-element_type=\"widget\" data-e-type=\"widget\" data-widget_type=\"eael-testimonial.default\">\n\t\t\t\t<div class=\"elementor-widget-container\">\n\t\t\t\t\t\n\t<div id=\"eael-testimonial-cd831b3\" class=\"eael-testimonial-item clearfix  default-style rating-five\">\n\t\t\t\t\n\t\t\n\t\t\t\t\t\t\t\t<div class=\"eael-testimonial-content\">\n\t\t\t\t<div class=\"eael-testimonial-text\"><p><span>Il tour di 3 giorni da Fes a Marrakech ha superato le nostre aspettative. Il passaggio dalla storica citt\u00e0 di Fes alla vivace Marrakech \u00e8 stato fluido e l&#8217;esperienza nel deserto \u00e8 stata un punto di forza. L&#8217;itinerario era ben organizzato e le sistemazioni erano di alto livello. Un modo fantastico per esplorare i diversi paesaggi del Marocco! <\/span><\/p><\/div>\t\t<ul class=\"testimonial-star-rating\">\n\t\t\t<li><i class=\"fas fa-star\" aria-hidden=\"true\"><\/i><\/li>\n\t\t\t<li><i class=\"fas fa-star\" aria-hidden=\"true\"><\/i><\/li>\n\t\t\t<li><i class=\"fas fa-star\" aria-hidden=\"true\"><\/i><\/li>\n\t\t\t<li><i class=\"fas fa-star\" aria-hidden=\"true\"><\/i><\/li>\n\t\t\t<li><i class=\"fas fa-star\" aria-hidden=\"true\"><\/i><\/li>\n\t\t<\/ul>\n\t\t<p class=\"eael-testimonial-user\">Maria  <\/p><p class=\"eael-testimonial-user-company\">Vacanze in Marocco<\/p>\t\t\t<\/div>\n\t\t\n\t\t\n\t\t\n\t\t\n\t\t\n\t\t\n\t\t<span class=\"eael-testimonial-quote\"><\/span>\n\t<\/div>\n\n\t\t\t\t\t<\/div>\n\t\t\t\t<\/div>\n\t\t\t\t\t<\/div>\n\t\t<\/div>\n\t\t\t\t\t<\/div>\n\t\t<\/section>\n\t\t\t\t<section class=\"elementor-section elementor-top-section elementor-element elementor-element-6264e2b elementor-section-boxed elementor-section-height-default elementor-section-height-default\" data-id=\"6264e2b\" data-element_type=\"section\" data-e-type=\"section\">\n\t\t\t\t\t\t<div class=\"elementor-container elementor-column-gap-default\">\n\t\t\t\t\t<div class=\"elementor-column elementor-col-100 elementor-top-column elementor-element elementor-element-3e53bd7\" data-id=\"3e53bd7\" data-element_type=\"column\" data-e-type=\"column\">\n\t\t\t<div class=\"elementor-widget-wrap elementor-element-populated\">\n\t\t\t\t\t\t<div class=\"elementor-element elementor-element-97d5359 trips elementor-widget elementor-widget-heading\" data-id=\"97d5359\" data-element_type=\"widget\" data-e-type=\"widget\" id=\"trips\" data-widget_type=\"heading.default\">\n\t\t\t\t<div class=\"elementor-widget-container\">\n\t\t\t\t\t<h2 class=\"elementor-heading-title elementor-size-default\">Viaggi correlati<\/h2>\t\t\t\t<\/div>\n\t\t\t\t<\/div>\n\t\t\t\t<div class=\"elementor-element elementor-element-5dc0bfe elementor-widget elementor-widget-text-editor\" data-id=\"5dc0bfe\" data-element_type=\"widget\" data-e-type=\"widget\" data-widget_type=\"text-editor.default\">\n\t\t\t\t<div class=\"elementor-widget-container\">\n\t\t\t\t\t\t\t\t\t<p>Esplora gli altri pacchetti vacanza e trova l&#8217;itinerario perfetto per la tua prossima avventura in Marocco. Se non trovi un tour adatto alle tue esigenze, contattaci per creare un itinerario personalizzato.<\/p>\t\t\t\t\t\t\t\t<\/div>\n\t\t\t\t<\/div>\n\t\t\t\t<div class=\"elementor-element elementor-element-075e4b2 itineraries elementor-widget elementor-widget-heading\" data-id=\"075e4b2\" data-element_type=\"widget\" data-e-type=\"widget\" data-widget_type=\"heading.default\">\n\t\t\t\t<div class=\"elementor-widget-container\">\n\t\t\t\t\t<h3 class=\"elementor-heading-title elementor-size-default\">Tour da Marrakech<\/h3>\t\t\t\t<\/div>\n\t\t\t\t<\/div>\n\t\t\t\t<div class=\"elementor-element elementor-element-40c3f38 elementor-align-start elementor-icon-list--layout-traditional elementor-list-item-link-full_width elementor-widget elementor-widget-icon-list\" data-id=\"40c3f38\" data-element_type=\"widget\" data-e-type=\"widget\" data-widget_type=\"icon-list.default\">\n\t\t\t\t<div class=\"elementor-widget-container\">\n\t\t\t\t\t\t\t<ul class=\"elementor-icon-list-items\">\n\t\t\t\t\t\t\t<li class=\"elementor-icon-list-item\">\n\t\t\t\t\t\t\t\t\t\t\t<a href=\"https:\/\/www.vacationsinmorocco.com\/it\/tour-del-deserto-di-zagora-da-marrakech-in-2-giorni\/\">\n\n\t\t\t\t\t\t\t\t\t\t\t\t<span class=\"elementor-icon-list-icon\">\n\t\t\t\t\t\t\t<svg aria-hidden=\"true\" class=\"e-font-icon-svg e-fas-external-link-square-alt\" viewBox=\"0 0 448 512\" xmlns=\"http:\/\/www.w3.org\/2000\/svg\"><path d=\"M448 80v352c0 26.51-21.49 48-48 48H48c-26.51 0-48-21.49-48-48V80c0-26.51 21.49-48 48-48h352c26.51 0 48 21.49 48 48zm-88 16H248.029c-21.313 0-32.08 25.861-16.971 40.971l31.984 31.987L67.515 364.485c-4.686 4.686-4.686 12.284 0 16.971l31.029 31.029c4.687 4.686 12.285 4.686 16.971 0l195.526-195.526 31.988 31.991C358.058 263.977 384 253.425 384 231.979V120c0-13.255-10.745-24-24-24z\"><\/path><\/svg>\t\t\t\t\t\t<\/span>\n\t\t\t\t\t\t\t\t\t\t<span class=\"elementor-icon-list-text\">Tour di 2 giorni nel deserto di Zagora da Marrakech<\/span>\n\t\t\t\t\t\t\t\t\t\t\t<\/a>\n\t\t\t\t\t\t\t\t\t<\/li>\n\t\t\t\t\t\t\t\t<li class=\"elementor-icon-list-item\">\n\t\t\t\t\t\t\t\t\t\t\t<a href=\"https:\/\/www.vacationsinmorocco.com\/it\/tour-del-deserto-da-marrakech-a-fes-in-3-giorni\/\">\n\n\t\t\t\t\t\t\t\t\t\t\t\t<span class=\"elementor-icon-list-icon\">\n\t\t\t\t\t\t\t<svg aria-hidden=\"true\" class=\"e-font-icon-svg e-fas-external-link-square-alt\" viewBox=\"0 0 448 512\" xmlns=\"http:\/\/www.w3.org\/2000\/svg\"><path d=\"M448 80v352c0 26.51-21.49 48-48 48H48c-26.51 0-48-21.49-48-48V80c0-26.51 21.49-48 48-48h352c26.51 0 48 21.49 48 48zm-88 16H248.029c-21.313 0-32.08 25.861-16.971 40.971l31.984 31.987L67.515 364.485c-4.686 4.686-4.686 12.284 0 16.971l31.029 31.029c4.687 4.686 12.285 4.686 16.971 0l195.526-195.526 31.988 31.991C358.058 263.977 384 253.425 384 231.979V120c0-13.255-10.745-24-24-24z\"><\/path><\/svg>\t\t\t\t\t\t<\/span>\n\t\t\t\t\t\t\t\t\t\t<span class=\"elementor-icon-list-text\">Tour di 3 giorni da Marrakech a Fes<\/span>\n\t\t\t\t\t\t\t\t\t\t\t<\/a>\n\t\t\t\t\t\t\t\t\t<\/li>\n\t\t\t\t\t\t\t\t<li class=\"elementor-icon-list-item\">\n\t\t\t\t\t\t\t\t\t\t\t<a href=\"https:\/\/www.vacationsinmorocco.com\/it\/tour-di-3-giorni-nel-deserto-da-marrakech-a-merzouga-erg-chebbi\/\">\n\n\t\t\t\t\t\t\t\t\t\t\t\t<span class=\"elementor-icon-list-icon\">\n\t\t\t\t\t\t\t<svg aria-hidden=\"true\" class=\"e-font-icon-svg e-fas-external-link-square-alt\" viewBox=\"0 0 448 512\" xmlns=\"http:\/\/www.w3.org\/2000\/svg\"><path d=\"M448 80v352c0 26.51-21.49 48-48 48H48c-26.51 0-48-21.49-48-48V80c0-26.51 21.49-48 48-48h352c26.51 0 48 21.49 48 48zm-88 16H248.029c-21.313 0-32.08 25.861-16.971 40.971l31.984 31.987L67.515 364.485c-4.686 4.686-4.686 12.284 0 16.971l31.029 31.029c4.687 4.686 12.285 4.686 16.971 0l195.526-195.526 31.988 31.991C358.058 263.977 384 253.425 384 231.979V120c0-13.255-10.745-24-24-24z\"><\/path><\/svg>\t\t\t\t\t\t<\/span>\n\t\t\t\t\t\t\t\t\t\t<span class=\"elementor-icon-list-text\">Tour di 3 giorni da Marrakech a Merzouga<\/span>\n\t\t\t\t\t\t\t\t\t\t\t<\/a>\n\t\t\t\t\t\t\t\t\t<\/li>\n\t\t\t\t\t\t\t\t<li class=\"elementor-icon-list-item\">\n\t\t\t\t\t\t\t\t\t\t\t<a href=\"https:\/\/www.vacationsinmorocco.com\/it\/da-marrakech-a-merzouga-in-4-giorni-professionali\/\">\n\n\t\t\t\t\t\t\t\t\t\t\t\t<span class=\"elementor-icon-list-icon\">\n\t\t\t\t\t\t\t<svg aria-hidden=\"true\" class=\"e-font-icon-svg e-fas-external-link-square-alt\" viewBox=\"0 0 448 512\" xmlns=\"http:\/\/www.w3.org\/2000\/svg\"><path d=\"M448 80v352c0 26.51-21.49 48-48 48H48c-26.51 0-48-21.49-48-48V80c0-26.51 21.49-48 48-48h352c26.51 0 48 21.49 48 48zm-88 16H248.029c-21.313 0-32.08 25.861-16.971 40.971l31.984 31.987L67.515 364.485c-4.686 4.686-4.686 12.284 0 16.971l31.029 31.029c4.687 4.686 12.285 4.686 16.971 0l195.526-195.526 31.988 31.991C358.058 263.977 384 253.425 384 231.979V120c0-13.255-10.745-24-24-24z\"><\/path><\/svg>\t\t\t\t\t\t<\/span>\n\t\t\t\t\t\t\t\t\t\t<span class=\"elementor-icon-list-text\">Tour di 4 giorni da Marrakech<\/span>\n\t\t\t\t\t\t\t\t\t\t\t<\/a>\n\t\t\t\t\t\t\t\t\t<\/li>\n\t\t\t\t\t\t\t\t<li class=\"elementor-icon-list-item\">\n\t\t\t\t\t\t\t\t\t\t\t<a href=\"https:\/\/www.vacationsinmorocco.com\/it\/itinerario-di-5-giorni-nel-deserto-di-marrakech-la-selezione-eccellente\/\">\n\n\t\t\t\t\t\t\t\t\t\t\t\t<span class=\"elementor-icon-list-icon\">\n\t\t\t\t\t\t\t<svg aria-hidden=\"true\" class=\"e-font-icon-svg e-fas-external-link-square-alt\" viewBox=\"0 0 448 512\" xmlns=\"http:\/\/www.w3.org\/2000\/svg\"><path d=\"M448 80v352c0 26.51-21.49 48-48 48H48c-26.51 0-48-21.49-48-48V80c0-26.51 21.49-48 48-48h352c26.51 0 48 21.49 48 48zm-88 16H248.029c-21.313 0-32.08 25.861-16.971 40.971l31.984 31.987L67.515 364.485c-4.686 4.686-4.686 12.284 0 16.971l31.029 31.029c4.687 4.686 12.285 4.686 16.971 0l195.526-195.526 31.988 31.991C358.058 263.977 384 253.425 384 231.979V120c0-13.255-10.745-24-24-24z\"><\/path><\/svg>\t\t\t\t\t\t<\/span>\n\t\t\t\t\t\t\t\t\t\t<span class=\"elementor-icon-list-text\">Itinerario di 5 giorni da Marrakech<\/span>\n\t\t\t\t\t\t\t\t\t\t\t<\/a>\n\t\t\t\t\t\t\t\t\t<\/li>\n\t\t\t\t\t\t\t\t<li class=\"elementor-icon-list-item\">\n\t\t\t\t\t\t\t\t\t\t\t<a href=\"https:\/\/www.vacationsinmorocco.com\/it\/tour-del-deserto-da-marrakech-a-tangeri-in-5-giorni\/\">\n\n\t\t\t\t\t\t\t\t\t\t\t\t<span class=\"elementor-icon-list-icon\">\n\t\t\t\t\t\t\t<svg aria-hidden=\"true\" class=\"e-font-icon-svg e-fas-external-link-square-alt\" viewBox=\"0 0 448 512\" xmlns=\"http:\/\/www.w3.org\/2000\/svg\"><path d=\"M448 80v352c0 26.51-21.49 48-48 48H48c-26.51 0-48-21.49-48-48V80c0-26.51 21.49-48 48-48h352c26.51 0 48 21.49 48 48zm-88 16H248.029c-21.313 0-32.08 25.861-16.971 40.971l31.984 31.987L67.515 364.485c-4.686 4.686-4.686 12.284 0 16.971l31.029 31.029c4.687 4.686 12.285 4.686 16.971 0l195.526-195.526 31.988 31.991C358.058 263.977 384 253.425 384 231.979V120c0-13.255-10.745-24-24-24z\"><\/path><\/svg>\t\t\t\t\t\t<\/span>\n\t\t\t\t\t\t\t\t\t\t<span class=\"elementor-icon-list-text\">Tour di 5 giorni da Marrakech a Tangeri<\/span>\n\t\t\t\t\t\t\t\t\t\t\t<\/a>\n\t\t\t\t\t\t\t\t\t<\/li>\n\t\t\t\t\t\t\t\t<li class=\"elementor-icon-list-item\">\n\t\t\t\t\t\t\t\t\t\t\t<a href=\"https:\/\/www.vacationsinmorocco.com\/it\/itinerario-dal-deserto-di-marrakech-a-merzouga-in-6-giorni-unici\/\">\n\n\t\t\t\t\t\t\t\t\t\t\t\t<span class=\"elementor-icon-list-icon\">\n\t\t\t\t\t\t\t<svg aria-hidden=\"true\" class=\"e-font-icon-svg e-fas-external-link-square-alt\" viewBox=\"0 0 448 512\" xmlns=\"http:\/\/www.w3.org\/2000\/svg\"><path d=\"M448 80v352c0 26.51-21.49 48-48 48H48c-26.51 0-48-21.49-48-48V80c0-26.51 21.49-48 48-48h352c26.51 0 48 21.49 48 48zm-88 16H248.029c-21.313 0-32.08 25.861-16.971 40.971l31.984 31.987L67.515 364.485c-4.686 4.686-4.686 12.284 0 16.971l31.029 31.029c4.687 4.686 12.285 4.686 16.971 0l195.526-195.526 31.988 31.991C358.058 263.977 384 253.425 384 231.979V120c0-13.255-10.745-24-24-24z\"><\/path><\/svg>\t\t\t\t\t\t<\/span>\n\t\t\t\t\t\t\t\t\t\t<span class=\"elementor-icon-list-text\">Tour di 6 giorni da Marrakech a Merzouga<\/span>\n\t\t\t\t\t\t\t\t\t\t\t<\/a>\n\t\t\t\t\t\t\t\t\t<\/li>\n\t\t\t\t\t\t\t\t<li class=\"elementor-icon-list-item\">\n\t\t\t\t\t\t\t\t\t\t\t<a href=\"https:\/\/www.vacationsinmorocco.com\/it\/da-marrakech-a-essaouira-un-sorprendente-tour-nel-deserto-di-7-giorni\/\">\n\n\t\t\t\t\t\t\t\t\t\t\t\t<span class=\"elementor-icon-list-icon\">\n\t\t\t\t\t\t\t<svg aria-hidden=\"true\" class=\"e-font-icon-svg e-fas-external-link-square-alt\" viewBox=\"0 0 448 512\" xmlns=\"http:\/\/www.w3.org\/2000\/svg\"><path d=\"M448 80v352c0 26.51-21.49 48-48 48H48c-26.51 0-48-21.49-48-48V80c0-26.51 21.49-48 48-48h352c26.51 0 48 21.49 48 48zm-88 16H248.029c-21.313 0-32.08 25.861-16.971 40.971l31.984 31.987L67.515 364.485c-4.686 4.686-4.686 12.284 0 16.971l31.029 31.029c4.687 4.686 12.285 4.686 16.971 0l195.526-195.526 31.988 31.991C358.058 263.977 384 253.425 384 231.979V120c0-13.255-10.745-24-24-24z\"><\/path><\/svg>\t\t\t\t\t\t<\/span>\n\t\t\t\t\t\t\t\t\t\t<span class=\"elementor-icon-list-text\">7 giorni di tour nel deserto da Marrakech a Essaouira<\/span>\n\t\t\t\t\t\t\t\t\t\t\t<\/a>\n\t\t\t\t\t\t\t\t\t<\/li>\n\t\t\t\t\t\t\t\t<li class=\"elementor-icon-list-item\">\n\t\t\t\t\t\t\t\t\t\t\t<a href=\"https:\/\/www.vacationsinmorocco.com\/it\/tour-del-deserto-da-marrakech-a-tangeri-in-8-giorni-unici\/\">\n\n\t\t\t\t\t\t\t\t\t\t\t\t<span class=\"elementor-icon-list-icon\">\n\t\t\t\t\t\t\t<svg aria-hidden=\"true\" class=\"e-font-icon-svg e-fas-external-link-square-alt\" viewBox=\"0 0 448 512\" xmlns=\"http:\/\/www.w3.org\/2000\/svg\"><path d=\"M448 80v352c0 26.51-21.49 48-48 48H48c-26.51 0-48-21.49-48-48V80c0-26.51 21.49-48 48-48h352c26.51 0 48 21.49 48 48zm-88 16H248.029c-21.313 0-32.08 25.861-16.971 40.971l31.984 31.987L67.515 364.485c-4.686 4.686-4.686 12.284 0 16.971l31.029 31.029c4.687 4.686 12.285 4.686 16.971 0l195.526-195.526 31.988 31.991C358.058 263.977 384 253.425 384 231.979V120c0-13.255-10.745-24-24-24z\"><\/path><\/svg>\t\t\t\t\t\t<\/span>\n\t\t\t\t\t\t\t\t\t\t<span class=\"elementor-icon-list-text\">Tour di 8 giorni da Marrakech a Tangeri<\/span>\n\t\t\t\t\t\t\t\t\t\t\t<\/a>\n\t\t\t\t\t\t\t\t\t<\/li>\n\t\t\t\t\t\t\t\t<li class=\"elementor-icon-list-item\">\n\t\t\t\t\t\t\t\t\t\t\t<a href=\"https:\/\/www.vacationsinmorocco.com\/it\/da-marrakech-il-miglior-itinerario-di-8-giorni-per-fes\/\">\n\n\t\t\t\t\t\t\t\t\t\t\t\t<span class=\"elementor-icon-list-icon\">\n\t\t\t\t\t\t\t<svg aria-hidden=\"true\" class=\"e-font-icon-svg e-fas-external-link-square-alt\" viewBox=\"0 0 448 512\" xmlns=\"http:\/\/www.w3.org\/2000\/svg\"><path d=\"M448 80v352c0 26.51-21.49 48-48 48H48c-26.51 0-48-21.49-48-48V80c0-26.51 21.49-48 48-48h352c26.51 0 48 21.49 48 48zm-88 16H248.029c-21.313 0-32.08 25.861-16.971 40.971l31.984 31.987L67.515 364.485c-4.686 4.686-4.686 12.284 0 16.971l31.029 31.029c4.687 4.686 12.285 4.686 16.971 0l195.526-195.526 31.988 31.991C358.058 263.977 384 253.425 384 231.979V120c0-13.255-10.745-24-24-24z\"><\/path><\/svg>\t\t\t\t\t\t<\/span>\n\t\t\t\t\t\t\t\t\t\t<span class=\"elementor-icon-list-text\">Itinerario di 8 giorni da Marrakech a Fes<\/span>\n\t\t\t\t\t\t\t\t\t\t\t<\/a>\n\t\t\t\t\t\t\t\t\t<\/li>\n\t\t\t\t\t\t\t\t<li class=\"elementor-icon-list-item\">\n\t\t\t\t\t\t\t\t\t\t\t<a href=\"https:\/\/www.vacationsinmorocco.com\/it\/tour-del-marocco-i-migliori-8-giorni-da-marrakech\/\">\n\n\t\t\t\t\t\t\t\t\t\t\t\t<span class=\"elementor-icon-list-icon\">\n\t\t\t\t\t\t\t<svg aria-hidden=\"true\" class=\"e-font-icon-svg e-fas-external-link-square-alt\" viewBox=\"0 0 448 512\" xmlns=\"http:\/\/www.w3.org\/2000\/svg\"><path d=\"M448 80v352c0 26.51-21.49 48-48 48H48c-26.51 0-48-21.49-48-48V80c0-26.51 21.49-48 48-48h352c26.51 0 48 21.49 48 48zm-88 16H248.029c-21.313 0-32.08 25.861-16.971 40.971l31.984 31.987L67.515 364.485c-4.686 4.686-4.686 12.284 0 16.971l31.029 31.029c4.687 4.686 12.285 4.686 16.971 0l195.526-195.526 31.988 31.991C358.058 263.977 384 253.425 384 231.979V120c0-13.255-10.745-24-24-24z\"><\/path><\/svg>\t\t\t\t\t\t<\/span>\n\t\t\t\t\t\t\t\t\t\t<span class=\"elementor-icon-list-text\">Tour di 8 giorni da Marrakech<\/span>\n\t\t\t\t\t\t\t\t\t\t\t<\/a>\n\t\t\t\t\t\t\t\t\t<\/li>\n\t\t\t\t\t\t\t\t<li class=\"elementor-icon-list-item\">\n\t\t\t\t\t\t\t\t\t\t\t<a href=\"https:\/\/www.vacationsinmorocco.com\/it\/vacanza-nel-deserto-da-marrakech-in-10-giorni-spettacolari\/\">\n\n\t\t\t\t\t\t\t\t\t\t\t\t<span class=\"elementor-icon-list-icon\">\n\t\t\t\t\t\t\t<svg aria-hidden=\"true\" class=\"e-font-icon-svg e-fas-external-link-square-alt\" viewBox=\"0 0 448 512\" xmlns=\"http:\/\/www.w3.org\/2000\/svg\"><path d=\"M448 80v352c0 26.51-21.49 48-48 48H48c-26.51 0-48-21.49-48-48V80c0-26.51 21.49-48 48-48h352c26.51 0 48 21.49 48 48zm-88 16H248.029c-21.313 0-32.08 25.861-16.971 40.971l31.984 31.987L67.515 364.485c-4.686 4.686-4.686 12.284 0 16.971l31.029 31.029c4.687 4.686 12.285 4.686 16.971 0l195.526-195.526 31.988 31.991C358.058 263.977 384 253.425 384 231.979V120c0-13.255-10.745-24-24-24z\"><\/path><\/svg>\t\t\t\t\t\t<\/span>\n\t\t\t\t\t\t\t\t\t\t<span class=\"elementor-icon-list-text\">Tour di 10 giorni da Marrakech<\/span>\n\t\t\t\t\t\t\t\t\t\t\t<\/a>\n\t\t\t\t\t\t\t\t\t<\/li>\n\t\t\t\t\t\t<\/ul>\n\t\t\t\t\t\t<\/div>\n\t\t\t\t<\/div>\n\t\t\t\t<div class=\"elementor-element elementor-element-9c0544a itineraries elementor-widget elementor-widget-heading\" data-id=\"9c0544a\" data-element_type=\"widget\" data-e-type=\"widget\" data-widget_type=\"heading.default\">\n\t\t\t\t<div class=\"elementor-widget-container\">\n\t\t\t\t\t<h3 class=\"elementor-heading-title elementor-size-default\">Viaggi da Tangeri<\/h3>\t\t\t\t<\/div>\n\t\t\t\t<\/div>\n\t\t\t\t<div class=\"elementor-element elementor-element-94cc823 elementor-align-start elementor-icon-list--layout-traditional elementor-list-item-link-full_width elementor-widget elementor-widget-icon-list\" data-id=\"94cc823\" data-element_type=\"widget\" data-e-type=\"widget\" data-widget_type=\"icon-list.default\">\n\t\t\t\t<div class=\"elementor-widget-container\">\n\t\t\t\t\t\t\t<ul class=\"elementor-icon-list-items\">\n\t\t\t\t\t\t\t<li class=\"elementor-icon-list-item\">\n\t\t\t\t\t\t\t\t\t\t\t<a href=\"https:\/\/www.vacationsinmorocco.com\/it\/vacanza-da-tangeri-a-tetouan-in-3-giorni-incredibili\/\">\n\n\t\t\t\t\t\t\t\t\t\t\t\t<span class=\"elementor-icon-list-icon\">\n\t\t\t\t\t\t\t<svg aria-hidden=\"true\" class=\"e-font-icon-svg e-fas-external-link-square-alt\" viewBox=\"0 0 448 512\" xmlns=\"http:\/\/www.w3.org\/2000\/svg\"><path d=\"M448 80v352c0 26.51-21.49 48-48 48H48c-26.51 0-48-21.49-48-48V80c0-26.51 21.49-48 48-48h352c26.51 0 48 21.49 48 48zm-88 16H248.029c-21.313 0-32.08 25.861-16.971 40.971l31.984 31.987L67.515 364.485c-4.686 4.686-4.686 12.284 0 16.971l31.029 31.029c4.687 4.686 12.285 4.686 16.971 0l195.526-195.526 31.988 31.991C358.058 263.977 384 253.425 384 231.979V120c0-13.255-10.745-24-24-24z\"><\/path><\/svg>\t\t\t\t\t\t<\/span>\n\t\t\t\t\t\t\t\t\t\t<span class=\"elementor-icon-list-text\">Tour di 3 giorni da Tangeri a Chefchaouen<\/span>\n\t\t\t\t\t\t\t\t\t\t\t<\/a>\n\t\t\t\t\t\t\t\t\t<\/li>\n\t\t\t\t\t\t\t\t<li class=\"elementor-icon-list-item\">\n\t\t\t\t\t\t\t\t\t\t\t<a href=\"https:\/\/www.vacationsinmorocco.com\/it\/vacanza-da-tangeri-a-merzouga-grande-deserto\/\">\n\n\t\t\t\t\t\t\t\t\t\t\t\t<span class=\"elementor-icon-list-icon\">\n\t\t\t\t\t\t\t<svg aria-hidden=\"true\" class=\"e-font-icon-svg e-fas-external-link-square-alt\" viewBox=\"0 0 448 512\" xmlns=\"http:\/\/www.w3.org\/2000\/svg\"><path d=\"M448 80v352c0 26.51-21.49 48-48 48H48c-26.51 0-48-21.49-48-48V80c0-26.51 21.49-48 48-48h352c26.51 0 48 21.49 48 48zm-88 16H248.029c-21.313 0-32.08 25.861-16.971 40.971l31.984 31.987L67.515 364.485c-4.686 4.686-4.686 12.284 0 16.971l31.029 31.029c4.687 4.686 12.285 4.686 16.971 0l195.526-195.526 31.988 31.991C358.058 263.977 384 253.425 384 231.979V120c0-13.255-10.745-24-24-24z\"><\/path><\/svg>\t\t\t\t\t\t<\/span>\n\t\t\t\t\t\t\t\t\t\t<span class=\"elementor-icon-list-text\">Tour di 5 giorni da Tangeri a Marrakech<\/span>\n\t\t\t\t\t\t\t\t\t\t\t<\/a>\n\t\t\t\t\t\t\t\t\t<\/li>\n\t\t\t\t\t\t\t\t<li class=\"elementor-icon-list-item\">\n\t\t\t\t\t\t\t\t\t\t\t<a href=\"https:\/\/www.vacationsinmorocco.com\/it\/vacanza-in-marocco-da-tangeri-a-marrakech-in-7-giorni-unici\/\">\n\n\t\t\t\t\t\t\t\t\t\t\t\t<span class=\"elementor-icon-list-icon\">\n\t\t\t\t\t\t\t<svg aria-hidden=\"true\" class=\"e-font-icon-svg e-fas-external-link-square-alt\" viewBox=\"0 0 448 512\" xmlns=\"http:\/\/www.w3.org\/2000\/svg\"><path d=\"M448 80v352c0 26.51-21.49 48-48 48H48c-26.51 0-48-21.49-48-48V80c0-26.51 21.49-48 48-48h352c26.51 0 48 21.49 48 48zm-88 16H248.029c-21.313 0-32.08 25.861-16.971 40.971l31.984 31.987L67.515 364.485c-4.686 4.686-4.686 12.284 0 16.971l31.029 31.029c4.687 4.686 12.285 4.686 16.971 0l195.526-195.526 31.988 31.991C358.058 263.977 384 253.425 384 231.979V120c0-13.255-10.745-24-24-24z\"><\/path><\/svg>\t\t\t\t\t\t<\/span>\n\t\t\t\t\t\t\t\t\t\t<span class=\"elementor-icon-list-text\">Tour di 7 giorni da Tangeri a Marrakech<\/span>\n\t\t\t\t\t\t\t\t\t\t\t<\/a>\n\t\t\t\t\t\t\t\t\t<\/li>\n\t\t\t\t\t\t\t\t<li class=\"elementor-icon-list-item\">\n\t\t\t\t\t\t\t\t\t\t\t<a href=\"https:\/\/www.vacationsinmorocco.com\/it\/tour-del-marocco-da-tangeri-a-marrakech-in-8-giorni\/\">\n\n\t\t\t\t\t\t\t\t\t\t\t\t<span class=\"elementor-icon-list-icon\">\n\t\t\t\t\t\t\t<svg aria-hidden=\"true\" class=\"e-font-icon-svg e-fas-external-link-square-alt\" viewBox=\"0 0 448 512\" xmlns=\"http:\/\/www.w3.org\/2000\/svg\"><path d=\"M448 80v352c0 26.51-21.49 48-48 48H48c-26.51 0-48-21.49-48-48V80c0-26.51 21.49-48 48-48h352c26.51 0 48 21.49 48 48zm-88 16H248.029c-21.313 0-32.08 25.861-16.971 40.971l31.984 31.987L67.515 364.485c-4.686 4.686-4.686 12.284 0 16.971l31.029 31.029c4.687 4.686 12.285 4.686 16.971 0l195.526-195.526 31.988 31.991C358.058 263.977 384 253.425 384 231.979V120c0-13.255-10.745-24-24-24z\"><\/path><\/svg>\t\t\t\t\t\t<\/span>\n\t\t\t\t\t\t\t\t\t\t<span class=\"elementor-icon-list-text\">Tour di 8 giorni da Tangeri<\/span>\n\t\t\t\t\t\t\t\t\t\t\t<\/a>\n\t\t\t\t\t\t\t\t\t<\/li>\n\t\t\t\t\t\t\t\t<li class=\"elementor-icon-list-item\">\n\t\t\t\t\t\t\t\t\t\t\t<a href=\"https:\/\/www.vacationsinmorocco.com\/it\/vacanza-nel-deserto-da-tangeri-in-soli-10-giorni\/\">\n\n\t\t\t\t\t\t\t\t\t\t\t\t<span class=\"elementor-icon-list-icon\">\n\t\t\t\t\t\t\t<svg aria-hidden=\"true\" class=\"e-font-icon-svg e-fas-external-link-square-alt\" viewBox=\"0 0 448 512\" xmlns=\"http:\/\/www.w3.org\/2000\/svg\"><path d=\"M448 80v352c0 26.51-21.49 48-48 48H48c-26.51 0-48-21.49-48-48V80c0-26.51 21.49-48 48-48h352c26.51 0 48 21.49 48 48zm-88 16H248.029c-21.313 0-32.08 25.861-16.971 40.971l31.984 31.987L67.515 364.485c-4.686 4.686-4.686 12.284 0 16.971l31.029 31.029c4.687 4.686 12.285 4.686 16.971 0l195.526-195.526 31.988 31.991C358.058 263.977 384 253.425 384 231.979V120c0-13.255-10.745-24-24-24z\"><\/path><\/svg>\t\t\t\t\t\t<\/span>\n\t\t\t\t\t\t\t\t\t\t<span class=\"elementor-icon-list-text\">Tour di 10 giorni da Tangeri a Marrakech<\/span>\n\t\t\t\t\t\t\t\t\t\t\t<\/a>\n\t\t\t\t\t\t\t\t\t<\/li>\n\t\t\t\t\t\t\t\t<li class=\"elementor-icon-list-item\">\n\t\t\t\t\t\t\t\t\t\t\t<a href=\"https:\/\/www.vacationsinmorocco.com\/it\/12-giorni-da-tangeri-il-miglior-tour-nel-deserto-a-marrakech\/\">\n\n\t\t\t\t\t\t\t\t\t\t\t\t<span class=\"elementor-icon-list-icon\">\n\t\t\t\t\t\t\t<svg aria-hidden=\"true\" class=\"e-font-icon-svg e-fas-external-link-square-alt\" viewBox=\"0 0 448 512\" xmlns=\"http:\/\/www.w3.org\/2000\/svg\"><path d=\"M448 80v352c0 26.51-21.49 48-48 48H48c-26.51 0-48-21.49-48-48V80c0-26.51 21.49-48 48-48h352c26.51 0 48 21.49 48 48zm-88 16H248.029c-21.313 0-32.08 25.861-16.971 40.971l31.984 31.987L67.515 364.485c-4.686 4.686-4.686 12.284 0 16.971l31.029 31.029c4.687 4.686 12.285 4.686 16.971 0l195.526-195.526 31.988 31.991C358.058 263.977 384 253.425 384 231.979V120c0-13.255-10.745-24-24-24z\"><\/path><\/svg>\t\t\t\t\t\t<\/span>\n\t\t\t\t\t\t\t\t\t\t<span class=\"elementor-icon-list-text\">Itinerario di 12 giorni da Tangeri<\/span>\n\t\t\t\t\t\t\t\t\t\t\t<\/a>\n\t\t\t\t\t\t\t\t\t<\/li>\n\t\t\t\t\t\t\t\t<li class=\"elementor-icon-list-item\">\n\t\t\t\t\t\t\t\t\t\t\t<a href=\"https:\/\/www.vacationsinmorocco.com\/it\/due-settimane-in-marocco-speciale-14-giorni-da-tangeri\/\">\n\n\t\t\t\t\t\t\t\t\t\t\t\t<span class=\"elementor-icon-list-icon\">\n\t\t\t\t\t\t\t<svg aria-hidden=\"true\" class=\"e-font-icon-svg e-fas-external-link-square-alt\" viewBox=\"0 0 448 512\" xmlns=\"http:\/\/www.w3.org\/2000\/svg\"><path d=\"M448 80v352c0 26.51-21.49 48-48 48H48c-26.51 0-48-21.49-48-48V80c0-26.51 21.49-48 48-48h352c26.51 0 48 21.49 48 48zm-88 16H248.029c-21.313 0-32.08 25.861-16.971 40.971l31.984 31.987L67.515 364.485c-4.686 4.686-4.686 12.284 0 16.971l31.029 31.029c4.687 4.686 12.285 4.686 16.971 0l195.526-195.526 31.988 31.991C358.058 263.977 384 253.425 384 231.979V120c0-13.255-10.745-24-24-24z\"><\/path><\/svg>\t\t\t\t\t\t<\/span>\n\t\t\t\t\t\t\t\t\t\t<span class=\"elementor-icon-list-text\">Itinerario di 14 giorni da Tangeri<\/span>\n\t\t\t\t\t\t\t\t\t\t\t<\/a>\n\t\t\t\t\t\t\t\t\t<\/li>\n\t\t\t\t\t\t<\/ul>\n\t\t\t\t\t\t<\/div>\n\t\t\t\t<\/div>\n\t\t\t\t<div class=\"elementor-element elementor-element-b87c2bd itineraries elementor-widget elementor-widget-heading\" data-id=\"b87c2bd\" data-element_type=\"widget\" data-e-type=\"widget\" data-widget_type=\"heading.default\">\n\t\t\t\t<div class=\"elementor-widget-container\">\n\t\t\t\t\t<h3 class=\"elementor-heading-title elementor-size-default\">Tour da Casablanca<\/h3>\t\t\t\t<\/div>\n\t\t\t\t<\/div>\n\t\t\t\t<div class=\"elementor-element elementor-element-3f57389 elementor-align-start elementor-icon-list--layout-traditional elementor-list-item-link-full_width elementor-widget elementor-widget-icon-list\" data-id=\"3f57389\" data-element_type=\"widget\" data-e-type=\"widget\" data-widget_type=\"icon-list.default\">\n\t\t\t\t<div class=\"elementor-widget-container\">\n\t\t\t\t\t\t\t<ul class=\"elementor-icon-list-items\">\n\t\t\t\t\t\t\t<li class=\"elementor-icon-list-item\">\n\t\t\t\t\t\t\t\t\t\t\t<a href=\"https:\/\/www.vacationsinmorocco.com\/it\/6-giorni-in-marocco-itinerario-privato-da-casablanca\/\">\n\n\t\t\t\t\t\t\t\t\t\t\t\t<span class=\"elementor-icon-list-icon\">\n\t\t\t\t\t\t\t<svg aria-hidden=\"true\" class=\"e-font-icon-svg e-fas-external-link-square-alt\" viewBox=\"0 0 448 512\" xmlns=\"http:\/\/www.w3.org\/2000\/svg\"><path d=\"M448 80v352c0 26.51-21.49 48-48 48H48c-26.51 0-48-21.49-48-48V80c0-26.51 21.49-48 48-48h352c26.51 0 48 21.49 48 48zm-88 16H248.029c-21.313 0-32.08 25.861-16.971 40.971l31.984 31.987L67.515 364.485c-4.686 4.686-4.686 12.284 0 16.971l31.029 31.029c4.687 4.686 12.285 4.686 16.971 0l195.526-195.526 31.988 31.991C358.058 263.977 384 253.425 384 231.979V120c0-13.255-10.745-24-24-24z\"><\/path><\/svg>\t\t\t\t\t\t<\/span>\n\t\t\t\t\t\t\t\t\t\t<span class=\"elementor-icon-list-text\">Tour di 6 giorni in Marocco da Casablanca<\/span>\n\t\t\t\t\t\t\t\t\t\t\t<\/a>\n\t\t\t\t\t\t\t\t\t<\/li>\n\t\t\t\t\t\t\t\t<li class=\"elementor-icon-list-item\">\n\t\t\t\t\t\t\t\t\t\t\t<a href=\"https:\/\/www.vacationsinmorocco.com\/it\/7-giorni-in-marocco-itinerario-nel-deserto-da-casablanca\/\">\n\n\t\t\t\t\t\t\t\t\t\t\t\t<span class=\"elementor-icon-list-icon\">\n\t\t\t\t\t\t\t<svg aria-hidden=\"true\" class=\"e-font-icon-svg e-fas-external-link-square-alt\" viewBox=\"0 0 448 512\" xmlns=\"http:\/\/www.w3.org\/2000\/svg\"><path d=\"M448 80v352c0 26.51-21.49 48-48 48H48c-26.51 0-48-21.49-48-48V80c0-26.51 21.49-48 48-48h352c26.51 0 48 21.49 48 48zm-88 16H248.029c-21.313 0-32.08 25.861-16.971 40.971l31.984 31.987L67.515 364.485c-4.686 4.686-4.686 12.284 0 16.971l31.029 31.029c4.687 4.686 12.285 4.686 16.971 0l195.526-195.526 31.988 31.991C358.058 263.977 384 253.425 384 231.979V120c0-13.255-10.745-24-24-24z\"><\/path><\/svg>\t\t\t\t\t\t<\/span>\n\t\t\t\t\t\t\t\t\t\t<span class=\"elementor-icon-list-text\">Itinerario di 7 giorni in Marocco da Casablanca<\/span>\n\t\t\t\t\t\t\t\t\t\t\t<\/a>\n\t\t\t\t\t\t\t\t\t<\/li>\n\t\t\t\t\t\t\t\t<li class=\"elementor-icon-list-item\">\n\t\t\t\t\t\t\t\t\t\t\t<a href=\"https:\/\/www.vacationsinmorocco.com\/it\/9-giorni-da-casablanca-a-marrakech\/\">\n\n\t\t\t\t\t\t\t\t\t\t\t\t<span class=\"elementor-icon-list-icon\">\n\t\t\t\t\t\t\t<svg aria-hidden=\"true\" class=\"e-font-icon-svg e-fas-external-link-square-alt\" viewBox=\"0 0 448 512\" xmlns=\"http:\/\/www.w3.org\/2000\/svg\"><path d=\"M448 80v352c0 26.51-21.49 48-48 48H48c-26.51 0-48-21.49-48-48V80c0-26.51 21.49-48 48-48h352c26.51 0 48 21.49 48 48zm-88 16H248.029c-21.313 0-32.08 25.861-16.971 40.971l31.984 31.987L67.515 364.485c-4.686 4.686-4.686 12.284 0 16.971l31.029 31.029c4.687 4.686 12.285 4.686 16.971 0l195.526-195.526 31.988 31.991C358.058 263.977 384 253.425 384 231.979V120c0-13.255-10.745-24-24-24z\"><\/path><\/svg>\t\t\t\t\t\t<\/span>\n\t\t\t\t\t\t\t\t\t\t<span class=\"elementor-icon-list-text\">Tour di 9 giorni da Casablanca a Marrakech<\/span>\n\t\t\t\t\t\t\t\t\t\t\t<\/a>\n\t\t\t\t\t\t\t\t\t<\/li>\n\t\t\t\t\t\t\t\t<li class=\"elementor-icon-list-item\">\n\t\t\t\t\t\t\t\t\t\t\t<a href=\"https:\/\/www.vacationsinmorocco.com\/it\/12-giorni-da-casablanca-il-marocco-per-intero\/\">\n\n\t\t\t\t\t\t\t\t\t\t\t\t<span class=\"elementor-icon-list-icon\">\n\t\t\t\t\t\t\t<svg aria-hidden=\"true\" class=\"e-font-icon-svg e-fas-external-link-square-alt\" viewBox=\"0 0 448 512\" xmlns=\"http:\/\/www.w3.org\/2000\/svg\"><path d=\"M448 80v352c0 26.51-21.49 48-48 48H48c-26.51 0-48-21.49-48-48V80c0-26.51 21.49-48 48-48h352c26.51 0 48 21.49 48 48zm-88 16H248.029c-21.313 0-32.08 25.861-16.971 40.971l31.984 31.987L67.515 364.485c-4.686 4.686-4.686 12.284 0 16.971l31.029 31.029c4.687 4.686 12.285 4.686 16.971 0l195.526-195.526 31.988 31.991C358.058 263.977 384 253.425 384 231.979V120c0-13.255-10.745-24-24-24z\"><\/path><\/svg>\t\t\t\t\t\t<\/span>\n\t\t\t\t\t\t\t\t\t\t<span class=\"elementor-icon-list-text\">Tour di 12 giorni da Casablanca<\/span>\n\t\t\t\t\t\t\t\t\t\t\t<\/a>\n\t\t\t\t\t\t\t\t\t<\/li>\n\t\t\t\t\t\t\t\t<li class=\"elementor-icon-list-item\">\n\t\t\t\t\t\t\t\t\t\t\t<a href=\"https:\/\/www.vacationsinmorocco.com\/it\/16-giorni-in-marocco-il-miglior-tour-di-casablanca\/\">\n\n\t\t\t\t\t\t\t\t\t\t\t\t<span class=\"elementor-icon-list-icon\">\n\t\t\t\t\t\t\t<svg aria-hidden=\"true\" class=\"e-font-icon-svg e-fas-external-link-square-alt\" viewBox=\"0 0 448 512\" xmlns=\"http:\/\/www.w3.org\/2000\/svg\"><path d=\"M448 80v352c0 26.51-21.49 48-48 48H48c-26.51 0-48-21.49-48-48V80c0-26.51 21.49-48 48-48h352c26.51 0 48 21.49 48 48zm-88 16H248.029c-21.313 0-32.08 25.861-16.971 40.971l31.984 31.987L67.515 364.485c-4.686 4.686-4.686 12.284 0 16.971l31.029 31.029c4.687 4.686 12.285 4.686 16.971 0l195.526-195.526 31.988 31.991C358.058 263.977 384 253.425 384 231.979V120c0-13.255-10.745-24-24-24z\"><\/path><\/svg>\t\t\t\t\t\t<\/span>\n\t\t\t\t\t\t\t\t\t\t<span class=\"elementor-icon-list-text\">Itinerario di 16 giorni da Casablanca<\/span>\n\t\t\t\t\t\t\t\t\t\t\t<\/a>\n\t\t\t\t\t\t\t\t\t<\/li>\n\t\t\t\t\t\t<\/ul>\n\t\t\t\t\t\t<\/div>\n\t\t\t\t<\/div>\n\t\t\t\t<div class=\"elementor-element elementor-element-d47fd57 elementor-align-left elementor-tablet-align-left elementor-mobile-align-left elementor-widget elementor-widget-button\" data-id=\"d47fd57\" data-element_type=\"widget\" data-e-type=\"widget\" data-widget_type=\"button.default\">\n\t\t\t\t<div class=\"elementor-widget-container\">\n\t\t\t\t\t\t\t\t\t<div class=\"elementor-button-wrapper\">\n\t\t\t\t\t<a class=\"elementor-button elementor-button-link elementor-size-md\" href=\"https:\/\/www.vacationsinmorocco.com\/it\/mettetevi-in-contatto-con-marocco-vacanze\/\">\n\t\t\t\t\t\t<span class=\"elementor-button-content-wrapper\">\n\t\t\t\t\t\t\t\t\t<span class=\"elementor-button-text\">Contattateci<\/span>\n\t\t\t\t\t<\/span>\n\t\t\t\t\t<\/a>\n\t\t\t\t<\/div>\n\t\t\t\t\t\t\t\t<\/div>\n\t\t\t\t<\/div>\n\t\t\t\t<div class=\"elementor-element elementor-element-2cc0f8c elementor-share-buttons--view-icon elementor-share-buttons--shape-circle elementor-share-buttons--skin-gradient elementor-grid-0 elementor-share-buttons--color-official elementor-widget elementor-widget-share-buttons\" data-id=\"2cc0f8c\" data-element_type=\"widget\" data-e-type=\"widget\" data-widget_type=\"share-buttons.default\">\n\t\t\t\t<div class=\"elementor-widget-container\">\n\t\t\t\t\t\t\t<div class=\"elementor-grid\" role=\"list\">\n\t\t\t\t\t\t\t\t<div class=\"elementor-grid-item\" role=\"listitem\">\n\t\t\t\t\t\t<div class=\"elementor-share-btn elementor-share-btn_facebook\" role=\"button\" tabindex=\"0\" aria-label=\"Condividi su facebook\">\n\t\t\t\t\t\t\t\t\t\t\t\t\t\t\t<span class=\"elementor-share-btn__icon\">\n\t\t\t\t\t\t\t\t<svg aria-hidden=\"true\" class=\"e-font-icon-svg e-fab-facebook\" viewBox=\"0 0 512 512\" xmlns=\"http:\/\/www.w3.org\/2000\/svg\"><path d=\"M504 256C504 119 393 8 256 8S8 119 8 256c0 123.78 90.69 226.38 209.25 245V327.69h-63V256h63v-54.64c0-62.15 37-96.48 93.67-96.48 27.14 0 55.52 4.84 55.52 4.84v61h-31.28c-30.8 0-40.41 19.12-40.41 38.73V256h68.78l-11 71.69h-57.78V501C413.31 482.38 504 379.78 504 256z\"><\/path><\/svg>\t\t\t\t\t\t\t<\/span>\n\t\t\t\t\t\t\t\t\t\t\t\t\t\t\t\t\t\t\t\t<\/div>\n\t\t\t\t\t<\/div>\n\t\t\t\t\t\t\t\t\t<div class=\"elementor-grid-item\" role=\"listitem\">\n\t\t\t\t\t\t<div class=\"elementor-share-btn elementor-share-btn_twitter\" role=\"button\" tabindex=\"0\" aria-label=\"Condividi su twitter\">\n\t\t\t\t\t\t\t\t\t\t\t\t\t\t\t<span class=\"elementor-share-btn__icon\">\n\t\t\t\t\t\t\t\t<svg aria-hidden=\"true\" class=\"e-font-icon-svg e-fab-twitter\" viewBox=\"0 0 512 512\" xmlns=\"http:\/\/www.w3.org\/2000\/svg\"><path d=\"M459.37 151.716c.325 4.548.325 9.097.325 13.645 0 138.72-105.583 298.558-298.558 298.558-59.452 0-114.68-17.219-161.137-47.106 8.447.974 16.568 1.299 25.34 1.299 49.055 0 94.213-16.568 130.274-44.832-46.132-.975-84.792-31.188-98.112-72.772 6.498.974 12.995 1.624 19.818 1.624 9.421 0 18.843-1.3 27.614-3.573-48.081-9.747-84.143-51.98-84.143-102.985v-1.299c13.969 7.797 30.214 12.67 47.431 13.319-28.264-18.843-46.781-51.005-46.781-87.391 0-19.492 5.197-37.36 14.294-52.954 51.655 63.675 129.3 105.258 216.365 109.807-1.624-7.797-2.599-15.918-2.599-24.04 0-57.828 46.782-104.934 104.934-104.934 30.213 0 57.502 12.67 76.67 33.137 23.715-4.548 46.456-13.32 66.599-25.34-7.798 24.366-24.366 44.833-46.132 57.827 21.117-2.273 41.584-8.122 60.426-16.243-14.292 20.791-32.161 39.308-52.628 54.253z\"><\/path><\/svg>\t\t\t\t\t\t\t<\/span>\n\t\t\t\t\t\t\t\t\t\t\t\t\t\t\t\t\t\t\t\t<\/div>\n\t\t\t\t\t<\/div>\n\t\t\t\t\t\t\t\t\t<div class=\"elementor-grid-item\" role=\"listitem\">\n\t\t\t\t\t\t<div class=\"elementor-share-btn elementor-share-btn_pinterest\" role=\"button\" tabindex=\"0\" aria-label=\"Condividi su pinterest\">\n\t\t\t\t\t\t\t\t\t\t\t\t\t\t\t<span class=\"elementor-share-btn__icon\">\n\t\t\t\t\t\t\t\t<svg aria-hidden=\"true\" class=\"e-font-icon-svg e-fab-pinterest\" viewBox=\"0 0 496 512\" xmlns=\"http:\/\/www.w3.org\/2000\/svg\"><path d=\"M496 256c0 137-111 248-248 248-25.6 0-50.2-3.9-73.4-11.1 10.1-16.5 25.2-43.5 30.8-65 3-11.6 15.4-59 15.4-59 8.1 15.4 31.7 28.5 56.8 28.5 74.8 0 128.7-68.8 128.7-154.3 0-81.9-66.9-143.2-152.9-143.2-107 0-163.9 71.8-163.9 150.1 0 36.4 19.4 81.7 50.3 96.1 4.7 2.2 7.2 1.2 8.3-3.3.8-3.4 5-20.3 6.9-28.1.6-2.5.3-4.7-1.7-7.1-10.1-12.5-18.3-35.3-18.3-56.6 0-54.7 41.4-107.6 112-107.6 60.9 0 103.6 41.5 103.6 100.9 0 67.1-33.9 113.6-78 113.6-24.3 0-42.6-20.1-36.7-44.8 7-29.5 20.5-61.3 20.5-82.6 0-19-10.2-34.9-31.4-34.9-24.9 0-44.9 25.7-44.9 60.2 0 22 7.4 36.8 7.4 36.8s-24.5 103.8-29 123.2c-5 21.4-3 51.6-.9 71.2C65.4 450.9 0 361.1 0 256 0 119 111 8 248 8s248 111 248 248z\"><\/path><\/svg>\t\t\t\t\t\t\t<\/span>\n\t\t\t\t\t\t\t\t\t\t\t\t\t\t\t\t\t\t\t\t<\/div>\n\t\t\t\t\t<\/div>\n\t\t\t\t\t\t\t\t\t<div class=\"elementor-grid-item\" role=\"listitem\">\n\t\t\t\t\t\t<div class=\"elementor-share-btn elementor-share-btn_whatsapp\" role=\"button\" tabindex=\"0\" aria-label=\"Condividi su whatsapp\">\n\t\t\t\t\t\t\t\t\t\t\t\t\t\t\t<span class=\"elementor-share-btn__icon\">\n\t\t\t\t\t\t\t\t<svg aria-hidden=\"true\" class=\"e-font-icon-svg e-fab-whatsapp\" viewBox=\"0 0 448 512\" xmlns=\"http:\/\/www.w3.org\/2000\/svg\"><path d=\"M380.9 97.1C339 55.1 283.2 32 223.9 32c-122.4 0-222 99.6-222 222 0 39.1 10.2 77.3 29.6 111L0 480l117.7-30.9c32.4 17.7 68.9 27 106.1 27h.1c122.3 0 224.1-99.6 224.1-222 0-59.3-25.2-115-67.1-157zm-157 341.6c-33.2 0-65.7-8.9-94-25.7l-6.7-4-69.8 18.3L72 359.2l-4.4-7c-18.5-29.4-28.2-63.3-28.2-98.2 0-101.7 82.8-184.5 184.6-184.5 49.3 0 95.6 19.2 130.4 54.1 34.8 34.9 56.2 81.2 56.1 130.5 0 101.8-84.9 184.6-186.6 184.6zm101.2-138.2c-5.5-2.8-32.8-16.2-37.9-18-5.1-1.9-8.8-2.8-12.5 2.8-3.7 5.6-14.3 18-17.6 21.8-3.2 3.7-6.5 4.2-12 1.4-32.6-16.3-54-29.1-75.5-66-5.7-9.8 5.7-9.1 16.3-30.3 1.8-3.7.9-6.9-.5-9.7-1.4-2.8-12.5-30.1-17.1-41.2-4.5-10.8-9.1-9.3-12.5-9.5-3.2-.2-6.9-.2-10.6-.2-3.7 0-9.7 1.4-14.8 6.9-5.1 5.6-19.4 19-19.4 46.3 0 27.3 19.9 53.7 22.6 57.4 2.8 3.7 39.1 59.7 94.8 83.8 35.2 15.2 49 16.5 66.6 13.9 10.7-1.6 32.8-13.4 37.4-26.4 4.6-13 4.6-24.1 3.2-26.4-1.3-2.5-5-3.9-10.5-6.6z\"><\/path><\/svg>\t\t\t\t\t\t\t<\/span>\n\t\t\t\t\t\t\t\t\t\t\t\t\t\t\t\t\t\t\t\t<\/div>\n\t\t\t\t\t<\/div>\n\t\t\t\t\t\t\t\t\t<div class=\"elementor-grid-item\" role=\"listitem\">\n\t\t\t\t\t\t<div class=\"elementor-share-btn elementor-share-btn_linkedin\" role=\"button\" tabindex=\"0\" aria-label=\"Condividi su linkedin\">\n\t\t\t\t\t\t\t\t\t\t\t\t\t\t\t<span class=\"elementor-share-btn__icon\">\n\t\t\t\t\t\t\t\t<svg aria-hidden=\"true\" class=\"e-font-icon-svg e-fab-linkedin\" viewBox=\"0 0 448 512\" xmlns=\"http:\/\/www.w3.org\/2000\/svg\"><path d=\"M416 32H31.9C14.3 32 0 46.5 0 64.3v383.4C0 465.5 14.3 480 31.9 480H416c17.6 0 32-14.5 32-32.3V64.3c0-17.8-14.4-32.3-32-32.3zM135.4 416H69V202.2h66.5V416zm-33.2-243c-21.3 0-38.5-17.3-38.5-38.5S80.9 96 102.2 96c21.2 0 38.5 17.3 38.5 38.5 0 21.3-17.2 38.5-38.5 38.5zm282.1 243h-66.4V312c0-24.8-.5-56.7-34.5-56.7-34.6 0-39.9 27-39.9 54.9V416h-66.4V202.2h63.7v29.2h.9c8.9-16.8 30.6-34.5 62.9-34.5 67.2 0 79.7 44.3 79.7 101.9V416z\"><\/path><\/svg>\t\t\t\t\t\t\t<\/span>\n\t\t\t\t\t\t\t\t\t\t\t\t\t\t\t\t\t\t\t\t<\/div>\n\t\t\t\t\t<\/div>\n\t\t\t\t\t\t\t\t\t<div class=\"elementor-grid-item\" role=\"listitem\">\n\t\t\t\t\t\t<div class=\"elementor-share-btn elementor-share-btn_skype\" role=\"button\" tabindex=\"0\" aria-label=\"Condividi su skype\">\n\t\t\t\t\t\t\t\t\t\t\t\t\t\t\t<span class=\"elementor-share-btn__icon\">\n\t\t\t\t\t\t\t\t<svg aria-hidden=\"true\" class=\"e-font-icon-svg e-fab-skype\" viewBox=\"0 0 448 512\" xmlns=\"http:\/\/www.w3.org\/2000\/svg\"><path d=\"M424.7 299.8c2.9-14 4.7-28.9 4.7-43.8 0-113.5-91.9-205.3-205.3-205.3-14.9 0-29.7 1.7-43.8 4.7C161.3 40.7 137.7 32 112 32 50.2 32 0 82.2 0 144c0 25.7 8.7 49.3 23.3 68.2-2.9 14-4.7 28.9-4.7 43.8 0 113.5 91.9 205.3 205.3 205.3 14.9 0 29.7-1.7 43.8-4.7 19 14.6 42.6 23.3 68.2 23.3 61.8 0 112-50.2 112-112 .1-25.6-8.6-49.2-23.2-68.1zm-194.6 91.5c-65.6 0-120.5-29.2-120.5-65 0-16 9-30.6 29.5-30.6 31.2 0 34.1 44.9 88.1 44.9 25.7 0 42.3-11.4 42.3-26.3 0-18.7-16-21.6-42-28-62.5-15.4-117.8-22-117.8-87.2 0-59.2 58.6-81.1 109.1-81.1 55.1 0 110.8 21.9 110.8 55.4 0 16.9-11.4 31.8-30.3 31.8-28.3 0-29.2-33.5-75-33.5-25.7 0-42 7-42 22.5 0 19.8 20.8 21.8 69.1 33 41.4 9.3 90.7 26.8 90.7 77.6 0 59.1-57.1 86.5-112 86.5z\"><\/path><\/svg>\t\t\t\t\t\t\t<\/span>\n\t\t\t\t\t\t\t\t\t\t\t\t\t\t\t\t\t\t\t\t<\/div>\n\t\t\t\t\t<\/div>\n\t\t\t\t\t\t<\/div>\n\t\t\t\t\t\t<\/div>\n\t\t\t\t<\/div>\n\t\t\t\t\t<\/div>\n\t\t<\/div>\n\t\t\t\t\t<\/div>\n\t\t<\/section>\n\t\t\t\t<\/div>\n\t\t","protected":false},"excerpt":{"rendered":"<p>Tour e viaggi Da Fes Pacchetti di viaggi da Fes su misura con tour privati e itinerari personalizzabili Possiamo provvedere a tutte le vostre esigenze di vacanza a Fes. Esplora Fes\u00a0una citt\u00e0 con una ricca storia e strade vivaci. Fondata nel IX secolo, Fes \u00e8 nota per la sua antica medina, una delle pi\u00f9 belle [&hellip;]<\/p>\n","protected":false},"author":1,"featured_media":9263,"parent":0,"menu_order":0,"comment_status":"closed","ping_status":"closed","template":"elementor_header_footer","meta":{"footnotes":""},"class_list":["post-9796","page","type-page","status-publish","has-post-thumbnail","hentry"],"yoast_head":"<!-- This site is optimized with the Yoast SEO plugin v27.4 - https:\/\/yoast.com\/product\/yoast-seo-wordpress\/ -->\n<title>Viaggi Da Fes | Tour Al Deserto Del Marocco Da Fes<\/title>\n<meta name=\"description\" content=\"Scopri i viaggi su misura da Fes con Vacanze in Marocco. Goditi i tour privati, personalizza il tuo viaggio e scopri la medina storica.\" \/>\n<meta name=\"robots\" content=\"index, follow, max-snippet:-1, max-image-preview:large, max-video-preview:-1\" \/>\n<link rel=\"canonical\" href=\"https:\/\/www.vacationsinmorocco.com\/it\/pacchetti-vacanze-a-fes-al-meglio\/\" \/>\n<meta property=\"og:locale\" content=\"it_IT\" \/>\n<meta property=\"og:type\" content=\"article\" \/>\n<meta property=\"og:title\" content=\"Viaggi Da Fes | Tour Al Deserto Del Marocco Da Fes\" \/>\n<meta property=\"og:description\" content=\"Scopri i viaggi su misura da Fes con Vacanze in Marocco. Goditi i tour privati, personalizza il tuo viaggio e scopri la medina storica.\" \/>\n<meta property=\"og:url\" content=\"https:\/\/www.vacationsinmorocco.com\/it\/pacchetti-vacanze-a-fes-al-meglio\/\" \/>\n<meta property=\"og:site_name\" content=\"Vacations In Morocco\" \/>\n<meta property=\"article:publisher\" content=\"https:\/\/facebook.com\/Vacationsinmorocco\" \/>\n<meta property=\"article:modified_time\" content=\"2024-07-25T10:33:33+00:00\" \/>\n<meta property=\"og:image\" content=\"https:\/\/www.vacationsinmorocco.com\/wp-content\/uploads\/2022\/07\/Fes-Vacations.jpg\" \/>\n\t<meta property=\"og:image:width\" content=\"925\" \/>\n\t<meta property=\"og:image:height\" content=\"1143\" \/>\n\t<meta property=\"og:image:type\" content=\"image\/jpeg\" \/>\n<meta name=\"twitter:card\" content=\"summary_large_image\" \/>\n<meta name=\"twitter:site\" content=\"@Vinmorocco\" \/>\n<meta name=\"twitter:label1\" content=\"Tempo di lettura stimato\" \/>\n\t<meta name=\"twitter:data1\" content=\"6 minuti\" \/>\n<script type=\"application\/ld+json\" class=\"yoast-schema-graph\">{\"@context\":\"https:\\\/\\\/schema.org\",\"@graph\":[{\"@type\":\"WebPage\",\"@id\":\"https:\\\/\\\/www.vacationsinmorocco.com\\\/it\\\/pacchetti-vacanze-a-fes-al-meglio\\\/\",\"url\":\"https:\\\/\\\/www.vacationsinmorocco.com\\\/it\\\/pacchetti-vacanze-a-fes-al-meglio\\\/\",\"name\":\"Viaggi Da Fes | Tour Al Deserto Del Marocco Da Fes\",\"isPartOf\":{\"@id\":\"https:\\\/\\\/www.vacationsinmorocco.com\\\/it\\\/#website\"},\"primaryImageOfPage\":{\"@id\":\"https:\\\/\\\/www.vacationsinmorocco.com\\\/it\\\/pacchetti-vacanze-a-fes-al-meglio\\\/#primaryimage\"},\"image\":{\"@id\":\"https:\\\/\\\/www.vacationsinmorocco.com\\\/it\\\/pacchetti-vacanze-a-fes-al-meglio\\\/#primaryimage\"},\"thumbnailUrl\":\"https:\\\/\\\/www.vacationsinmorocco.com\\\/wp-content\\\/uploads\\\/2022\\\/07\\\/Fes-Vacations.jpg\",\"datePublished\":\"2022-07-19T12:34:00+00:00\",\"dateModified\":\"2024-07-25T10:33:33+00:00\",\"description\":\"Scopri i viaggi su misura da Fes con Vacanze in Marocco. Goditi i tour privati, personalizza il tuo viaggio e scopri la medina storica.\",\"breadcrumb\":{\"@id\":\"https:\\\/\\\/www.vacationsinmorocco.com\\\/it\\\/pacchetti-vacanze-a-fes-al-meglio\\\/#breadcrumb\"},\"inLanguage\":\"it-IT\",\"potentialAction\":[{\"@type\":\"ReadAction\",\"target\":[\"https:\\\/\\\/www.vacationsinmorocco.com\\\/it\\\/pacchetti-vacanze-a-fes-al-meglio\\\/\"]}]},{\"@type\":\"ImageObject\",\"inLanguage\":\"it-IT\",\"@id\":\"https:\\\/\\\/www.vacationsinmorocco.com\\\/it\\\/pacchetti-vacanze-a-fes-al-meglio\\\/#primaryimage\",\"url\":\"https:\\\/\\\/www.vacationsinmorocco.com\\\/wp-content\\\/uploads\\\/2022\\\/07\\\/Fes-Vacations.jpg\",\"contentUrl\":\"https:\\\/\\\/www.vacationsinmorocco.com\\\/wp-content\\\/uploads\\\/2022\\\/07\\\/Fes-Vacations.jpg\",\"width\":925,\"height\":1143,\"caption\":\"Vacaciones en Fez\"},{\"@type\":\"BreadcrumbList\",\"@id\":\"https:\\\/\\\/www.vacationsinmorocco.com\\\/it\\\/pacchetti-vacanze-a-fes-al-meglio\\\/#breadcrumb\",\"itemListElement\":[{\"@type\":\"ListItem\",\"position\":1,\"name\":\"Home\",\"item\":\"https:\\\/\\\/www.vacationsinmorocco.com\\\/it\\\/\"},{\"@type\":\"ListItem\",\"position\":2,\"name\":\"Viaggi Da Fes | Tour Al Deserto Del Marocco Da Fes\"}]},{\"@type\":\"WebSite\",\"@id\":\"https:\\\/\\\/www.vacationsinmorocco.com\\\/it\\\/#website\",\"url\":\"https:\\\/\\\/www.vacationsinmorocco.com\\\/it\\\/\",\"name\":\"Vacations In Morocco\",\"description\":\"Discover the Magic of Morocco\",\"publisher\":{\"@id\":\"https:\\\/\\\/www.vacationsinmorocco.com\\\/it\\\/#organization\"},\"alternateName\":\"Morocco Vacations\",\"potentialAction\":[{\"@type\":\"SearchAction\",\"target\":{\"@type\":\"EntryPoint\",\"urlTemplate\":\"https:\\\/\\\/www.vacationsinmorocco.com\\\/it\\\/?s={search_term_string}\"},\"query-input\":{\"@type\":\"PropertyValueSpecification\",\"valueRequired\":true,\"valueName\":\"search_term_string\"}}],\"inLanguage\":\"it-IT\"},{\"@type\":\"Organization\",\"@id\":\"https:\\\/\\\/www.vacationsinmorocco.com\\\/it\\\/#organization\",\"name\":\"Vacations In Morocco\",\"alternateName\":\"VIM\",\"url\":\"https:\\\/\\\/www.vacationsinmorocco.com\\\/it\\\/\",\"logo\":{\"@type\":\"ImageObject\",\"inLanguage\":\"it-IT\",\"@id\":\"https:\\\/\\\/www.vacationsinmorocco.com\\\/it\\\/#\\\/schema\\\/logo\\\/image\\\/\",\"url\":\"https:\\\/\\\/www.vacationsinmorocco.com\\\/wp-content\\\/uploads\\\/2022\\\/08\\\/Vacations-In-Morocco.png\",\"contentUrl\":\"https:\\\/\\\/www.vacationsinmorocco.com\\\/wp-content\\\/uploads\\\/2022\\\/08\\\/Vacations-In-Morocco.png\",\"width\":200,\"height\":186,\"caption\":\"Vacations In Morocco\"},\"image\":{\"@id\":\"https:\\\/\\\/www.vacationsinmorocco.com\\\/it\\\/#\\\/schema\\\/logo\\\/image\\\/\"},\"sameAs\":[\"https:\\\/\\\/facebook.com\\\/Vacationsinmorocco\",\"https:\\\/\\\/x.com\\\/Vinmorocco\",\"https:\\\/\\\/www.instagram.com\\\/vacations_in_morocco\\\/\"]}]}<\/script>\n<!-- \/ Yoast SEO plugin. -->","yoast_head_json":{"title":"Viaggi Da Fes | Tour Al Deserto Del Marocco Da Fes","description":"Scopri i viaggi su misura da Fes con Vacanze in Marocco. Goditi i tour privati, personalizza il tuo viaggio e scopri la medina storica.","robots":{"index":"index","follow":"follow","max-snippet":"max-snippet:-1","max-image-preview":"max-image-preview:large","max-video-preview":"max-video-preview:-1"},"canonical":"https:\/\/www.vacationsinmorocco.com\/it\/pacchetti-vacanze-a-fes-al-meglio\/","og_locale":"it_IT","og_type":"article","og_title":"Viaggi Da Fes | Tour Al Deserto Del Marocco Da Fes","og_description":"Scopri i viaggi su misura da Fes con Vacanze in Marocco. Goditi i tour privati, personalizza il tuo viaggio e scopri la medina storica.","og_url":"https:\/\/www.vacationsinmorocco.com\/it\/pacchetti-vacanze-a-fes-al-meglio\/","og_site_name":"Vacations In Morocco","article_publisher":"https:\/\/facebook.com\/Vacationsinmorocco","article_modified_time":"2024-07-25T10:33:33+00:00","og_image":[{"width":925,"height":1143,"url":"https:\/\/www.vacationsinmorocco.com\/wp-content\/uploads\/2022\/07\/Fes-Vacations.jpg","type":"image\/jpeg"}],"twitter_card":"summary_large_image","twitter_site":"@Vinmorocco","twitter_misc":{"Tempo di lettura stimato":"6 minuti"},"schema":{"@context":"https:\/\/schema.org","@graph":[{"@type":"WebPage","@id":"https:\/\/www.vacationsinmorocco.com\/it\/pacchetti-vacanze-a-fes-al-meglio\/","url":"https:\/\/www.vacationsinmorocco.com\/it\/pacchetti-vacanze-a-fes-al-meglio\/","name":"Viaggi Da Fes | Tour Al Deserto Del Marocco Da Fes","isPartOf":{"@id":"https:\/\/www.vacationsinmorocco.com\/it\/#website"},"primaryImageOfPage":{"@id":"https:\/\/www.vacationsinmorocco.com\/it\/pacchetti-vacanze-a-fes-al-meglio\/#primaryimage"},"image":{"@id":"https:\/\/www.vacationsinmorocco.com\/it\/pacchetti-vacanze-a-fes-al-meglio\/#primaryimage"},"thumbnailUrl":"https:\/\/www.vacationsinmorocco.com\/wp-content\/uploads\/2022\/07\/Fes-Vacations.jpg","datePublished":"2022-07-19T12:34:00+00:00","dateModified":"2024-07-25T10:33:33+00:00","description":"Scopri i viaggi su misura da Fes con Vacanze in Marocco. Goditi i tour privati, personalizza il tuo viaggio e scopri la medina storica.","breadcrumb":{"@id":"https:\/\/www.vacationsinmorocco.com\/it\/pacchetti-vacanze-a-fes-al-meglio\/#breadcrumb"},"inLanguage":"it-IT","potentialAction":[{"@type":"ReadAction","target":["https:\/\/www.vacationsinmorocco.com\/it\/pacchetti-vacanze-a-fes-al-meglio\/"]}]},{"@type":"ImageObject","inLanguage":"it-IT","@id":"https:\/\/www.vacationsinmorocco.com\/it\/pacchetti-vacanze-a-fes-al-meglio\/#primaryimage","url":"https:\/\/www.vacationsinmorocco.com\/wp-content\/uploads\/2022\/07\/Fes-Vacations.jpg","contentUrl":"https:\/\/www.vacationsinmorocco.com\/wp-content\/uploads\/2022\/07\/Fes-Vacations.jpg","width":925,"height":1143,"caption":"Vacaciones en Fez"},{"@type":"BreadcrumbList","@id":"https:\/\/www.vacationsinmorocco.com\/it\/pacchetti-vacanze-a-fes-al-meglio\/#breadcrumb","itemListElement":[{"@type":"ListItem","position":1,"name":"Home","item":"https:\/\/www.vacationsinmorocco.com\/it\/"},{"@type":"ListItem","position":2,"name":"Viaggi Da Fes | Tour Al Deserto Del Marocco Da Fes"}]},{"@type":"WebSite","@id":"https:\/\/www.vacationsinmorocco.com\/it\/#website","url":"https:\/\/www.vacationsinmorocco.com\/it\/","name":"Vacations In Morocco","description":"Discover the Magic of Morocco","publisher":{"@id":"https:\/\/www.vacationsinmorocco.com\/it\/#organization"},"alternateName":"Morocco Vacations","potentialAction":[{"@type":"SearchAction","target":{"@type":"EntryPoint","urlTemplate":"https:\/\/www.vacationsinmorocco.com\/it\/?s={search_term_string}"},"query-input":{"@type":"PropertyValueSpecification","valueRequired":true,"valueName":"search_term_string"}}],"inLanguage":"it-IT"},{"@type":"Organization","@id":"https:\/\/www.vacationsinmorocco.com\/it\/#organization","name":"Vacations In Morocco","alternateName":"VIM","url":"https:\/\/www.vacationsinmorocco.com\/it\/","logo":{"@type":"ImageObject","inLanguage":"it-IT","@id":"https:\/\/www.vacationsinmorocco.com\/it\/#\/schema\/logo\/image\/","url":"https:\/\/www.vacationsinmorocco.com\/wp-content\/uploads\/2022\/08\/Vacations-In-Morocco.png","contentUrl":"https:\/\/www.vacationsinmorocco.com\/wp-content\/uploads\/2022\/08\/Vacations-In-Morocco.png","width":200,"height":186,"caption":"Vacations In Morocco"},"image":{"@id":"https:\/\/www.vacationsinmorocco.com\/it\/#\/schema\/logo\/image\/"},"sameAs":["https:\/\/facebook.com\/Vacationsinmorocco","https:\/\/x.com\/Vinmorocco","https:\/\/www.instagram.com\/vacations_in_morocco\/"]}]}},"_links":{"self":[{"href":"https:\/\/www.vacationsinmorocco.com\/it\/wp-json\/wp\/v2\/pages\/9796","targetHints":{"allow":["GET"]}}],"collection":[{"href":"https:\/\/www.vacationsinmorocco.com\/it\/wp-json\/wp\/v2\/pages"}],"about":[{"href":"https:\/\/www.vacationsinmorocco.com\/it\/wp-json\/wp\/v2\/types\/page"}],"author":[{"embeddable":true,"href":"https:\/\/www.vacationsinmorocco.com\/it\/wp-json\/wp\/v2\/users\/1"}],"replies":[{"embeddable":true,"href":"https:\/\/www.vacationsinmorocco.com\/it\/wp-json\/wp\/v2\/comments?post=9796"}],"version-history":[{"count":0,"href":"https:\/\/www.vacationsinmorocco.com\/it\/wp-json\/wp\/v2\/pages\/9796\/revisions"}],"wp:featuredmedia":[{"embeddable":true,"href":"https:\/\/www.vacationsinmorocco.com\/it\/wp-json\/wp\/v2\/media\/9263"}],"wp:attachment":[{"href":"https:\/\/www.vacationsinmorocco.com\/it\/wp-json\/wp\/v2\/media?parent=9796"}],"curies":[{"name":"wp","href":"https:\/\/api.w.org\/{rel}","templated":true}]}}